{"id":113,"date":"2025-04-22T15:57:00","date_gmt":"2025-04-22T20:57:00","guid":{"rendered":"https:\/\/www.muw.edu\/honors\/?page_id=113"},"modified":"2026-04-24T11:29:47","modified_gmt":"2026-04-24T16:29:47","slug":"honors-independent-research-sources","status":"publish","type":"page","link":"https:\/\/www.muw.edu\/honors\/curriculum\/independentstudy\/honors-independent-research-sources\/","title":{"rendered":"Honors Independent Research Sources"},"content":{"rendered":"\n<h2 class=\"wp-block-heading\">2026 Graduates<\/h2>\n\n\n\n<p>Click on a name below to view the student&#8217;s list of sources.<\/p>\n\n\n\n<details class=\"wp-block-details is-layout-flow wp-block-details-is-layout-flow\"><summary>Taylor Bennett, &#8220;Nurses&#8217; Knowledge and Recognition of Intimate Partner Violence Indicators: New Graduate Nurses vs. Experienced Nurses&#8221;<\/summary>\n<ul class=\"wp-block-list\">\n<li>Bailey, R. D. (2022). Identifying and supporting women and girls at risk of, or experiencing, violence and abuse. <em>Primary Health Care<\/em>, <em>32<\/em>(6), 34\u201342. <a href=\"https:\/\/doi.org\/10.7748\/phc.2022.e1765\" target=\"_blank\" rel=\"noreferrer noopener\">https:\/\/doi.org\/10.7748\/phc.2022.e1765<\/a>&nbsp;<\/li>\n\n\n\n<li>Burhanuddin, N. A. N., Ahmad, N. A., Said, R. R., &amp; Asimiran, S. (2021). Learning theories: Views from behaviorism theory and constructivism theory. <em>International Journal of Academic Research in Progressive Education and Development<\/em>, 10(1), 85\u201398. <a href=\"http:\/\/dx.doi.org\/10.6007\/IJARPED\/v10-i1\/8590\" target=\"_blank\" rel=\"noreferrer noopener\">http:\/\/dx.doi.org\/10.6007\/IJARPED\/v10-i1\/8590<\/a>&nbsp;&nbsp;<\/li>\n\n\n\n<li>Childress, S., Highfill, C., Mammah, R., Voth Schrag, R., Arenas-Itotia, K., Orwig, T., Dombrowsky, T., Michael, J., &amp; Roye, J. (2024). Interprofessional education for domestic violence safety planning in nursing and social work: A scoping review. <em>Journal of Social Work Education<\/em>, <em>60<\/em>(4), 551\u2013564. <a href=\"https:\/\/doi-org.libprxy.muw.edu\/10.1080\/10437797.2023.2298389\" target=\"_blank\" rel=\"noreferrer noopener\">https:\/\/doi-org.libprxy.muw.edu\/10.1080\/10437797.2023.2298389<\/a>&nbsp;&nbsp;<\/li>\n\n\n\n<li>Howard, C., Silva, S. G., Waldrop, J., Stone, E., Schafer, B. P., &amp; Gonzalez-Guarda, R. M. (2025). A lethality assessment program in the Emergency Department: Program implementation and evaluation. <em>Journal of Emergency Nursing<\/em>, <em>51<\/em>(1), 41\u201350. <a href=\"https:\/\/doi.org\/10.1016\/j.jen.2024.09.004\" target=\"_blank\" rel=\"noreferrer noopener\">https:\/\/doi.org\/10.1016\/j.jen.2024.09.004<\/a>&nbsp;<\/li>\n\n\n\n<li>Huecker, M., King, K., Jordon, G., &amp; Smock, W. (2023). Domestic violence. <em>National Library of Medicine<\/em>. <a href=\"https:\/\/www.ncbi.nlm.nih.gov\/books\/NBK499891\/\" target=\"_blank\" rel=\"noreferrer noopener\">https:\/\/www.ncbi.nlm.nih.gov\/books\/NBK499891\/<\/a>&nbsp;&nbsp;<\/li>\n\n\n\n<li>Hui, V., Bohan Zhang, Bomin Jeon, Kwan Ching Arkers Wong, Lou Klem, M., &amp; Young&nbsp;Ji Lee. (2024). Harnessing health information technology in domestic violence in the United States: A Scoping Review. Public Health Reviews (2107-6952), 1-16. <a href=\"https:\/\/doi-org.libprxy.muw.edu\/10.3389\/phrs.2024.1606654\" target=\"_blank\" rel=\"noreferrer noopener\">https:\/\/doi-org.libprxy.muw.edu\/10.3389\/phrs.2024.1606654<\/a>&nbsp;<\/li>\n\n\n\n<li>Kearney, M. S., &amp; O&#8217;Brien, K. M. (2021). Is it love or is it control? Assessing warning signs of dating violence. <em>Journal of Interpersonal Violence<\/em>, 36(11-12), 5446\u20135470. <a href=\"https:\/\/doi.org\/10.1177\/0886260518805105\" target=\"_blank\" rel=\"noreferrer noopener\">https:\/\/doi.org\/10.1177\/0886260518805105<\/a>&nbsp;&nbsp;<\/li>\n\n\n\n<li>Lutz, K., Williams, J. R., &amp; Purakal, J. D. (2023). Assessment of Emergency Department Health Care Providers\u2019 readiness for managing intimate partner violence and correlation with perceived cultural competence. <em>Journal of Emergency Nursing<\/em>, <em>49<\/em>(5), 724\u2013732. <a href=\"https:\/\/doi.org\/10.1016\/j.jen.2023.04.009\" target=\"_blank\" rel=\"noreferrer noopener\">https:\/\/doi.org\/10.1016\/j.jen.2023.04.009<\/a>&nbsp;<\/li>\n\n\n\n<li>Scoglio, A. A., Zhu, Y., Lawn, R. B., Murchland, A. R., Sampson, L., Rich-Edwards, J. W., Jha, S. C., Kang, J. H., &amp; Koenen, K. C. (2023, March 14). Intimate Partner Violence, Mental Health Symptoms, and Modifiable Health Factors in Women During the COVID-19 Pandemic in the US. JAMA Network Open. <a href=\"https:\/\/jamanetwork.com\/journals\/jamanetworkopen\/fullarticle\/2802387\" target=\"_blank\" rel=\"noreferrer noopener\">https:\/\/jamanetwork.com\/journals\/jamanetworkopen\/fullarticle\/2802387<\/a>&nbsp;&nbsp;<\/li>\n\n\n\n<li>Smith, S., Chen, J., Basile, K., Siordia, C., Zhu, S., Kudon, H., Chen, B., Friar, N. (2025). The National Intimate Partner and Sexual Violence Survey (NISVS): 2023-2024 Methodology Report. National Center for Injury Prevention and Control, Centers for Disease Control and Prevention. <a href=\"https:\/\/www.cdc.gov\/nisvs\/media\/pdfs\/methodology-report.pdf\" target=\"_blank\" rel=\"noreferrer noopener\">https:\/\/www.cdc.gov\/nisvs\/media\/pdfs\/methodology-report.pdf<\/a>&nbsp;<\/li>\n\n\n\n<li>Woroch, R. A., &amp; McNamara, M. (2023). Intimate Partner Violence Standardized Patient Simulation for Nurse Practitioner Students. <em>Journal of the American Psychiatric Nurses Association<\/em>, <em>29<\/em>(4), 338\u2013343. <a href=\"https:\/\/doi-org.libprxy.muw.edu\/10.1177\/10783903211023557\" target=\"_blank\" rel=\"noreferrer noopener\">https:\/\/doi-org.libprxy.muw.edu\/10.1177\/10783903211023557<\/a>&nbsp;<\/li>\n<\/ul>\n<\/details>\n\n\n\n<div style=\"height:36px\" aria-hidden=\"true\" class=\"wp-block-spacer\"><\/div>\n\n\n\n<details class=\"wp-block-details is-layout-flow wp-block-details-is-layout-flow\"><summary>Derriuhna Coleman, &#8220;The Efficiency of Biodegradable Braiding Hair Alternatives&#8221;<\/summary>\n<ul class=\"wp-block-list\">\n<li><em>Hair care practices and structural evaluation of scalp and hair shaft parameters in African American and Caucasian women\u2014Lewallen\u20142015\u2014Journal of Cosmetic Dermatology\u2014Wiley Online Library<\/em>. (n.d.). Retrieved October 2, 2025, from<a href=\"https:\/\/onlinelibrary.wiley.com\/doi\/abs\/10.1111\/jocd.12157\"> <\/a><a href=\"https:\/\/onlinelibrary.wiley.com\/doi\/abs\/10.1111\/jocd.12157\">https:\/\/onlinelibrary.wiley.com\/doi\/abs\/10.1111\/jocd.12157<\/a><\/li>\n\n\n\n<li>Joyner, M. (1988). Hair care in the black patient. <em>Journal of Pediatric Health Care<\/em>, <em>2<\/em>(6), 281\u2013287.<a href=\"https:\/\/doi.org\/10.1016\/0891-5245(88)90131-9\"><\/a><a href=\"https:\/\/doi.org\/10.1016\/0891-5245(88)90131-9\">https:\/\/doi.org\/10.1016\/0891-5245(88)90131-9<\/a><\/li>\n\n\n\n<li>Oloyede, K. (2025). Environmental Consequences of Synthetic Hair Use from a Black British Perspective (and some eco-friendly alternatives). <em>ACS ES&amp;T Water<\/em>, <em>5<\/em>(1), 1\u20132.<a href=\"https:\/\/doi.org\/10.1021\/acsestwater.4c01177\"><\/a><a href=\"https:\/\/doi.org\/10.1021\/acsestwater.4c01177\">https:\/\/doi.org\/10.1021\/acsestwater.4c01177<\/a><\/li>\n\n\n\n<li>Thomas, C. G. (2023). Carcinogenic materials in synthetic braids: An unrecognized risk of hair products for Black women. <em>The Lancet Regional Health \u2013 Americas<\/em>, <em>22<\/em>.<a href=\"https:\/\/doi.org\/10.1016\/j.lana.2023.100517\"> <\/a><a href=\"https:\/\/doi.org\/10.1016\/j.lana.2023.100517\">https:\/\/doi.org\/10.1016\/j.lana.2023.100517<\/a><\/li>\n<\/ul>\n<\/details>\n\n\n\n<div style=\"height:36px\" aria-hidden=\"true\" class=\"wp-block-spacer\"><\/div>\n\n\n\n<details class=\"wp-block-details is-layout-flow wp-block-details-is-layout-flow\"><summary>Mallory Holley, &#8220;Eating and Speaking: A Survey on How Food and Drink Choices May Influence Vocal Health and Wellness&#8221;<\/summary>\n<ul class=\"wp-block-list\">\n<li>Akg\u00f6l, J., \u00d6zkut, B., Denizo\u011flu, \u0130. \u0130., Orhon, E. \u015e., Aycan, K., &amp; G\u00fcven, A. (2025). Determining knowledge level, attitude, behaviors regarding vocal hygiene and use of medical drugs and herbal medicinal products for vocal health in second level professional voice users. <em>Journal of Voice, 39<\/em>(2), 569.e9\u2013569.e18. <a href=\"https:\/\/doi-org.libprxy.muw.edu\/10.1016\/j.jvoice.2022.09.015\">https:\/\/doi-org.libprxy.muw.edu\/10.1016\/j.jvoice.2022.09.015<\/a><\/li>\n\n\n\n<li>Alves, M., Kr\u00fcger, E., Pillay, B., van Lierde, K., &amp; van der Linde, J. (2019). The effect of hydration on voice quality in adults: A systematic review. <em>Journal of Voice, 33<\/em>(1), 125.e13\u2013125.e28. <a href=\"https:\/\/doi-org.libprxy.muw.edu\/10.1016\/j.jvoice.2017.10.001\">https:\/\/doi-org.libprxy.muw.edu\/10.1016\/j.jvoice.2017.10.001<\/a><\/li>\n\n\n\n<li>Azari, S., Aghaz, A., Maarefvand, M., Ghelichi, L., Pashazadeh, F., &amp; Shavaki, Y. A. (2024). The prevalence of voice disorders and the related factors in university professors: A systematic review and meta-analysis. <em>Journal of Voice, 38<\/em>(5), 1103\u20131114. <a href=\"https:\/\/doi-org.libprxy.muw.edu\/10.1016\/j.jvoice.2022.02.017\">https:\/\/doi-org.libprxy.muw.edu\/10.1016\/j.jvoice.2022.02.017<\/a><\/li>\n\n\n\n<li>da Rocha, L. M., de Lima Bach, S., do Amaral, P. L., Behlau, M., &amp; de Mattos Souza, L. D. (2017). Risk factors for the incidence of perceived voice disorders in elementary and middle school teachers. <em>Journal of Voice, 31<\/em>(2), 258.e1\u2013258.e8. <a href=\"https:\/\/doi-org.libprxy.muw.edu\/10.1016\/j.jvoice.2016.05.018\">https:\/\/doi-org.libprxy.muw.edu\/10.1016\/j.jvoice.2016.05.018<\/a><\/li>\n\n\n\n<li>Dixon, H. S. (1999). Dysphonia and delayed food allergy: A provocation\/neutralization study with strobovideolaryngoscopy. <em>Otolaryngology\u2013Head and Neck Surgery, 121<\/em>(4), 418\u2013429. <a href=\"https:\/\/doi-org.libprxy.muw.edu\/10.1016\/S0194-5998(99)70232-9\">https:\/\/doi-org.libprxy.muw.edu\/10.1016\/S0194-5998(99)70232-9<\/a><\/li>\n\n\n\n<li>Georgalas, V. L., Kalantzi, N., Harpur, I., &amp; Kenny, C. (2023). The effects of caffeine on voice: A systematic review. <em>Journal of Voice, 37<\/em>(4), 636.e7\u2013636.e19. <a href=\"https:\/\/doi-org.libprxy.muw.edu\/10.1016\/j.jvoice.2021.02.025\">https:\/\/doi-org.libprxy.muw.edu\/10.1016\/j.jvoice.2021.02.025<\/a><\/li>\n\n\n\n<li>Helidoni, M., Murry, T., Chlouverakis, G., Okalidou, A., &amp; Velegrakis, G. (2012). Voice risk factors in kindergarten teachers in Greece. <em>Folia Phoniatrica et Logopaedica, 64<\/em>(5), 211\u2013216. <a href=\"https:\/\/doi-org.libprxy.muw.edu\/10.1159\/000342147\">https:\/\/doi-org.libprxy.muw.edu\/10.1159\/000342147<\/a><\/li>\n\n\n\n<li>Korn, G. P., Augusto de Lima Pontes, A., Abranches, D., &amp; Augusto de Lima Pontes, P. (2016). Vocal tract discomfort and risk factors in university teachers. <em>Journal of Voice, 30<\/em>(4), 507.e1\u2013507.e8. <a href=\"https:\/\/doi-org.libprxy.muw.edu\/10.1016\/j.jvoice.2015.06.001\">https:\/\/doi-org.libprxy.muw.edu\/10.1016\/j.jvoice.2015.06.001<\/a><\/li>\n\n\n\n<li>Mahmoud, N. F., Atta, A. A. E., Elhamouly, M. S., Abdelmonem, A. A., &amp; Bassiouny, S. E.-S. (2021). Dietary risk factors and therapy outcomes of swallowing-related problems in laryngopharyngeal reflux: Patients\u2019 perspectives. <em>The Egyptian Journal of Otolaryngology, 37<\/em>(1), 1\u20138. <a href=\"https:\/\/doi-org.libprxy.muw.edu\/10.1186\/s43163-021-00131-8\">https:\/\/doi-org.libprxy.muw.edu\/10.1186\/s43163-021-00131-8<\/a><\/li>\n\n\n\n<li>Moreno, M., Calvache, C., &amp; Cantor-Cutiva, L. C. (2025). Systematic review of literature on prevalence of vocal fatigue among teachers. <em>Journal of Voice, 39<\/em>(1), 105\u2013112. <a href=\"https:\/\/doi-org.libprxy.muw.edu\/10.1016\/j.jvoice.2022.07.029\">https:\/\/doi-org.libprxy.muw.edu\/10.1016\/j.jvoice.2022.07.029<\/a><\/li>\n\n\n\n<li>NCI Dictionary of Cancer Terms. Comprehensive Cancer Information (NCI.)(n.d.). <a href=\"https:\/\/www.cancer.gov\/publications\/dictionaries\/cancer-terms\/def\/dysphonia\">https:\/\/www.cancer.gov\/publications\/dictionaries\/cancer-terms\/def\/dysphonia<\/a><\/li>\n\n\n\n<li>Rossi-Barbosa, L. A. R., Barbosa, M. R., Morais, R. M., de Sousa, K. F., Silveira, M. F., Gama, A. C. C., &amp; Caldeira, A. P. (2016). Self-reported acute and chronic voice disorders in teachers. <em>Journal of Voice, 30<\/em>(6), 755.e1\u2013755.e9. <a href=\"https:\/\/doi-org.libprxy.muw.edu\/10.1016\/j.jvoice.2015.08.003\">https:\/\/doi-org.libprxy.muw.edu\/10.1016\/j.jvoice.2015.08.003<\/a><\/li>\n\n\n\n<li>Sakin, B., Erol, H. \u0130., &amp; Akta\u015f, S. (2023). The effect of daily habits of high school teachers as professional voice users on their speech sounds. <em>International Journal of Language Academy, 11<\/em>(1), 54\u201362. <a href=\"https:\/\/doi-org.libprxy.muw.edu\/10.29228\/ijla.68217\">https:\/\/doi-org.libprxy.muw.edu\/10.29228\/ijla.68217<\/a><\/li>\n\n\n\n<li>Selevan, E., Schorr, E., Pekarsky, R., Mitta, S., Diamont, S., Stept, E., &amp; Oliveira, G. (2016). Teachers\u2019 perception of vocal quality compared with professional perception. <em>Journal of Voice<\/em>, <em>30<\/em>(6), 763. <a href=\"https:\/\/doi.org\/10.1016\/j.jvoice.2015.10.008\">https:\/\/doi.org\/10.1016\/j.jvoice.2015.10.008<\/a><\/li>\n\n\n\n<li>Tahamtan, M., Kakavandi, A., Scherer, R. C., &amp; Vahedi, M. (2023). Vocal tract discomfort symptoms in elementary and high school teachers. <em>Journal of Voice, 37<\/em>(1), 68\u201378. <a href=\"https:\/\/doi-org.libprxy.muw.edu\/10.1016\/j.jvoice.2020.11.009\">https:\/\/doi-org.libprxy.muw.edu\/10.1016\/j.jvoice.2020.11.009<\/a><\/li>\n<\/ul>\n<\/details>\n\n\n\n<div style=\"height:36px\" aria-hidden=\"true\" class=\"wp-block-spacer\"><\/div>\n\n\n\n<details class=\"wp-block-details is-layout-flow wp-block-details-is-layout-flow\"><summary>Kayla Jefferson, \u201cThe Knowledge of the Effects of Caffeine Consumption in Nursing Majors Versus Non-Nursing Majors\u201d <\/summary>\n<ul class=\"wp-block-list\">\n<li>Antonio, J., Newmire, D. E., Stout, J. R., Antonio, B., Gibbons, M., Lowery, L. M., Harper, J., Willoughby, D., Evans, C., Anderson, D., Goldstein, E., Rojas, J., Monsalves-\u00c1lvarez, M., Forbes, S. C., Gomez Lopez, J., Ziegenfuss, T., Moulding, B. D., Candow, D., Sagner, M., &amp; Arent, S. M. (2024). <em>Common questions and misconceptions about caffeine supplementation: What does the scientific evidence really show?<\/em> <em>Journal of the International Society of Sports Nutrition, 21<\/em>(1), 2323919. <a href=\"https:\/\/doi.org\/10.1080\/15502783.2024.2323919\">https:\/\/doi.org\/10.1080\/15502783.2024.2323919<\/a><\/li>\n\n\n\n<li>Bandura, A. (2001). Social cognitive theory: An agentic perspective. <em>Annual Review of Psychology<\/em>, 52(1), 1\u201326. <a href=\"https:\/\/doi.org\/10.1146\/annurev.psych.52.1.1\">https:\/\/doi.org\/10.1146\/annurev.psych.52.1.1<\/a><\/li>\n\n\n\n<li>Bertasi, R. A. O., Humeda, Y., Bertasi, T. G. O., Zins, Z., Kimsey, J., &amp; Pujalte, G. (2021). Caffeine intake and mental health in college students. <em>Cureus<\/em>, 13(4), Article e14313. <a href=\"https:\/\/doi.org\/10.7759\/cureus.14313\">https:\/\/doi.org\/10.7759\/cureus.14313<\/a><\/li>\n\n\n\n<li>Chaudhary, N. S., Taylor, B. V., Grandner, M. A., Troxel, W. M., &amp; Chakravorty, S. (2021). The effects of caffeinated products on sleep and functioning in the military population: A focused review. <em>Pharmacology, Biochemistry and Behavior, 206<\/em>, Article 173206. <a href=\"https:\/\/doi.org\/10.1016\/j.pbb.2021.173206\" target=\"_blank\" rel=\"noreferrer noopener\">https:\/\/doi.org\/10.1016\/j.pbb.2021.173206<\/a><\/li>\n\n\n\n<li>Claydon, E. A., Kahwash, J. M., Lilly, C. L., Alamir, Y., &amp; Zullig, K. J. (2023). Subjective sleep quality, caffeine, and dieting behaviors among university-attending young adults. <em>Nature and Science of Sleep, 15<\/em>, 737\u2013747. <a href=\"https:\/\/doi.org\/10.2147\/NSS.S420568\" target=\"_blank\" rel=\"noreferrer noopener\">https:\/\/doi.org\/10.2147\/NSS.S420568<\/a><\/li>\n\n\n\n<li>Fitzgerald, J., Altenhoff, E., &amp; Katerberg, B. (2024). Caffeine intake and anxiety in college students. <em>The American Journal of Occupational Therapy, 78<\/em>(Suppl. 2), Article PO89. <a href=\"https:\/\/doi.org\/10.5014\/ajot.2024.78S2-PO89\" target=\"_blank\" rel=\"noreferrer noopener\">https:\/\/doi.org\/10.5014\/ajot.2024.78S2-PO89<\/a><\/li>\n\n\n\n<li>Gandhi, S., Hinson, K., Gandhi, V., &amp; Sharma, S. (2023). Factors and perceptions associated with energy drink consumption among undergraduate students attending a rural university: A descriptive study. <em>Journal of American College Health, 72<\/em>(9), 3449\u20133455. <a href=\"https:\/\/doi.org\/10.1080\/07448481.2022.2164719\" target=\"_blank\" rel=\"noreferrer noopener\">https:\/\/doi.org\/10.1080\/07448481.2022.2164719<\/a><\/li>\n\n\n\n<li>Hardy, R., Kliemann, N., Dahlberg, P., Bode, A., Monroe, E., &amp; Brand, J. (2021). The relationship between energy drink consumption, caffeine content, and nutritional knowledge among college students. <em>The Journal of Primary Prevention, 42<\/em>(3), 297\u2013308. <a href=\"https:\/\/doi.org\/10.1007\/s10935-021-00635-2\" target=\"_blank\" rel=\"noreferrer noopener\">https:\/\/doi.org\/10.1007\/s10935-021-00635-2<\/a><\/li>\n\n\n\n<li>Hutak, J. L., Boolani, A., &amp; Byerley, L. O. (2022). Energy drink usage by students attending an online university. <em>Journal of American College Health, 72<\/em>(7), 2278\u20132286. <a href=\"https:\/\/doi.org\/10.1080\/07448481.2022.2109036\" target=\"_blank\" rel=\"noreferrer noopener\">https:\/\/doi.org\/10.1080\/07448481.2022.2109036<\/a><\/li>\n\n\n\n<li>Islam, K. F., Awal, A., Mazumder, H., Munni, U. R., Majumder, K., Afroz, K., Tabassum, M. N., &amp; Hossain, M. M. (2023). Social cognitive theory-based health promotion in primary care practice: A scoping review. <em>Heliyon, 9<\/em>(4), Article e14889. <a href=\"https:\/\/doi.org\/10.1016\/j.heliyon.2023.e14889\" target=\"_blank\" rel=\"noreferrer noopener\">https:\/\/doi.org\/10.1016\/j.heliyon.2023.e14889<\/a><\/li>\n\n\n\n<li>Mitchell, D. C., Trout, M., Smith, R., Teplansky, R., &amp; Lieberman, H. R. (2025). An update on beverage consumption patterns and caffeine intakes in a representative sample of the U.S. population. <em>Food and Chemical Toxicology, 196<\/em>, Article 115237. <a href=\"https:\/\/doi.org\/10.1016\/j.fct.2025.115237\" target=\"_blank\" rel=\"noreferrer noopener\">https:\/\/doi.org\/10.1016\/j.fct.2025.115237<\/a><\/li>\n\n\n\n<li>Potter, P., Perry, A., Stockert, P., &amp; Hall, A. (2022). <em>Fundamentals of nursing<\/em> (11th ed.). Elsevier.<\/li>\n\n\n\n<li>Riera-Sampol, A., Rodas, L., Mart\u00ednez, S., Moir, H. J., &amp; Tauler, P. (2022). Caffeine intake among undergraduate students: Sex differences, sources, motivations, and associations with smoking status and self-reported sleep quality. <em>Nutrients, 14<\/em>(8), Article 1661. <a href=\"https:\/\/doi.org\/10.3390\/nu14081661\" target=\"_blank\" rel=\"noreferrer noopener\">https:\/\/doi.org\/10.3390\/nu14081661<\/a><\/li>\n\n\n\n<li>Yoon, J. M., Trinkoff, A. M., Selby, V., &amp; Kim, E. (2025). The association between self-reported substance use and work schedule characteristics among nurses: A cross-sectional study. <em>International Journal of Nursing Studies, 170<\/em>, Article 105162. <a href=\"https:\/\/doi.org\/10.1016\/j.ijnurstu.2025.105162\" target=\"_blank\" rel=\"noreferrer noopener\">https:\/\/doi.org\/10.1016\/j.ijnurstu.2025.105162<\/a><\/li>\n<\/ul>\n<\/details>\n\n\n\n<div style=\"height:36px\" aria-hidden=\"true\" class=\"wp-block-spacer\"><\/div>\n\n\n\n<details class=\"wp-block-details is-layout-flow wp-block-details-is-layout-flow\"><summary>Kimi Norway, \u201cComprehensive Genome Annotation of Bacteriophage Phrampa: Insights into Gene Organization and Function\u201d<\/summary>\n<ul class=\"wp-block-list\">\n<li>Agnieszka Bednarek, K. Giermasi\u0144ska-Buczek, &amp; M. \u0141obocka. (2023). Efficient traceless modification of the P1 bacteriophage genome through homologous recombination with enrichment in double recombinants: A new perspective on the functional annotation of uncharacterized phage genes. <em>Frontiers in Microbiology, 14<\/em>. <a href=\"https:\/\/doi.org\/10.3389\/fmicb.2023.1135870\">https:\/\/doi.org\/10.3389\/fmicb.2023.1135870<\/a><\/li>\n\n\n\n<li>Amatore, Z., Gunn, S., &amp; Harris, L. K. (2020). An educational bioinformatics project to improve genome annotation. <em>Frontiers in Microbiology, 11<\/em>, 577497.<\/li>\n\n\n\n<li>Cousins, S. R., Dufour, G. R., Law, K., Nichols, R. M., Sladek, B. J., Aniapam, C. R., Tarbox, B. P., &amp; Savage, E. F. (2024). Genome sequence of the lytic bacteriophage Alucard, a cluster EE actinophage. <em>Microbiology Resource Announcements, 13<\/em>(1), e0101723. https:\/\/doi.org\/10.1128\/mra.01017-23<\/li>\n\n\n\n<li>Culot, A., Abriat, G., &amp; Furlong, K. P. (2025). High-performance genome annotation for a safer and faster-developing phage therapy. <em>Viruses, 17<\/em>(3), 314. https:\/\/doi.org\/10.3390\/v17030314<\/li>\n\n\n\n<li>Ejigu, G. F., &amp; Jung, J. (2020). Review on the computational genome annotation of sequences obtained by next-generation sequencing. <em>Biology, 9<\/em>(9), 295.<\/li>\n\n\n\n<li>Li, P., Chen, B., Song, Z., Song, Y., Yang, Y., Ma, P., Wang, H., Ying, J., Ren, P., Yang, L., Gao, G., Jin, S., Bao, Q., &amp; Yang, H. (2012). Bioinformatic analysis of the <em>Acinetobacter baumannii<\/em> phage AB1 genome. <em>Gene, 507<\/em>(2), 125\u2013134. https:\/\/doi.org\/10.1016\/j.gene.2012.07.029<\/li>\n\n\n\n<li>Liao, D., Zhang, J., Liu, R., Chen, K., Liu, Y., Shao, Y., Shi, X., Zhang, Y., &amp; Yang, Z. (2024). Whole-genome sequencing, annotation, and biological characterization of a novel Siphoviridae phage against multidrug-resistant <em>Propionibacterium acnes<\/em>. <em>Frontiers in Microbiology, 15<\/em>. https:\/\/doi.org\/10.3389\/fmicb.2024.1390825<\/li>\n\n\n\n<li>Salisbury, A., &amp; Tsourkas, P. K. (2019). A method for improving the accuracy and efficiency of bacteriophage genome annotation. <em>International Journal of Molecular Sciences, 20<\/em>(14), 3391.<\/li>\n\n\n\n<li>Stockert, J. E., &amp; Mitchell, J. C. (2022). Bacteriophage isolation, characterization and bioinformatic genetic analyses against <em>Gordonia rubripertincta<\/em> and <em>Nocardia asteroides<\/em>. <em>The FASEB Journal, 36<\/em>.<\/li>\n\n\n\n<li>Wang, R. H., Yang, S., Liu, Z., Zhang, Y., Wang, X., Xu, Z., et al. (2024). PhageScope: A well-annotated bacteriophage database with automatic analyses and visualizations. <em>Nucleic Acids Research, 52<\/em>(D1), D756\u2013D761.<\/li>\n\n\n\n<li>Ziegler, A. J., Joby, C. P., Kamil, H. A., Johnson, E., Ivey, A. L., Fullante, V. A., Ghosh, G., Leal Martinez, L., Tutelo, G. A., Wilson, D., &amp; Byrum, C. A. (2025). Complete genome annotation of the cluster EC <em>Microbacterium<\/em> phage Nicole72 from Pittsburgh, Pennsylvania. <em>Microbiology Resource Announcements, 14<\/em>(8), e0050725. https:\/\/doi.org\/10.1128\/mra.00507-25<\/li>\n\n\n\n<li>SEA-PHAGES. (n.d.). <em>PECAAN<\/em>. https:\/\/seaphages.org\/tools\/pecaan\/<\/li>\n\n\n\n<li>Your Genome. (n.d.). What is a gene? <a href=\"https:\/\/www.yourgenome.org\/theme\/what-is-a-gene\/\">https:\/\/www.yourgenome.org\/theme\/what-is-a-gene\/<\/a><\/li>\n\n\n\n<li>Liang Dai. (n.d.). Central dogma: transcription &amp; translation. <a href=\"https:\/\/personal.cityu.edu.hk\/liangdai\/post\/central-dogma-translation-transcription\/\">https:\/\/personal.cityu.edu.hk\/liangdai\/post\/central-dogma-translation-transcription\/<\/a><\/li>\n\n\n\n<li>Pashudhan Praharee. (2023). Bacteriophages. <a href=\"https:\/\/www.pashudhanpraharee.com\/wp-content\/uploads\/2023\/08\/Bacteriophages.jpg\">https:\/\/www.pashudhanpraharee.com\/wp-content\/uploads\/2023\/08\/Bacteriophages.jpg<\/a><\/li>\n\n\n\n<li>PhagesDB. (n.d.). Phrampa plaque image. <a href=\"https:\/\/phagesdb.org\/media\/plaquePics\/Phrampa_Plaque.jpg\">https:\/\/phagesdb.org\/media\/plaquePics\/Phrampa_Plaque.jpg<\/a><\/li>\n\n\n\n<li>PhagesDB. (n.d.). Phrampa digest image. <a href=\"https:\/\/phagesdb.org\/media\/digestPics\/Phrampa_Digest.png\">https:\/\/phagesdb.org\/media\/digestPics\/Phrampa_Digest.png<\/a><\/li>\n\n\n\n<li>PhagesDB. (n.d.). Phrampa EM image. <a href=\"https:\/\/phagesdb.org\/media\/emPics\/Phrampa_EMPic.jpg\">https:\/\/phagesdb.org\/media\/emPics\/Phrampa_EMPic.jpg<\/a><\/li>\n<\/ul>\n<\/details>\n\n\n\n<div style=\"height:36px\" aria-hidden=\"true\" class=\"wp-block-spacer\"><\/div>\n\n\n\n<h2 class=\"wp-block-heading\">2025 Graduates<\/h2>\n\n\n\n<p>Click on a name below to view the student&#8217;s list of sources.<\/p>\n\n\n\n<details class=\"wp-block-details is-layout-flow wp-block-details-is-layout-flow\"><summary>Karen Bello-Yau, &#8220;The Knowledge of Concussion Symptoms among Coaches in Contact vs Non-Contact Sports&#8221;<\/summary>\n<ul class=\"wp-block-list\">\n<li>Centers for Disease Control and Prevention. (2024, August 23). Concussion Basics. HEADS UP. <a href=\"https:\/\/www.cdc.gov\/heads-up\/about\/index.html\">https:\/\/www.cdc.gov\/heads-up\/about\/index.html<\/a><\/li>\n\n\n\n<li>Concussion information for coaches. (n.d.). Corewell Health. Retrieved September 24, 2024, from <a href=\"https:\/\/www.beaumont.org\/conditions\/concussion-information-for-coaches\">https:\/\/www.beaumont.org\/conditions\/concussion-information-for-coaches<\/a> <\/li>\n\n\n\n<li>Kirk, B., Pugh, J. N., Cousins, R., &amp; Phillips, S. M. (2018). Concussion in university level sport: Knowledge and awareness of athletes and coaches. Sports, 6(4), Article 102 <a href=\"https:\/\/doi.org\/10.3390\/sports6040102\">https:\/\/doi.org\/10.3390\/sports6040102<\/a><\/li>\n\n\n\n<li>Levine\u2019s Four conservation principals. Nursing Theory. (2019, September 17). <a href=\"https:\/\/nursing-theory.org\/theories-and-models\/levine-four-conservation-principles.php\">https:\/\/nursing-theory.org\/theories-and-models\/levine-four-conservation-principles.php<\/a><\/li>\n\n\n\n<li>Molcho, M., &amp; Sullivan, L. (2018, January). What do coaches want to know about sports-related concussion? A needs assessment study. Journal of sport and health science. <a href=\"https:\/\/www.sciencedirect.com\/science\/article\/pii\/S2095254617300686?via%3Dihub\">https:\/\/www.sciencedirect.com\/science\/article\/pii\/S2095254617300686?via%3Dihub<\/a><\/li>\n<\/ul>\n<\/details>\n\n\n\n<div style=\"height:31px\" aria-hidden=\"true\" class=\"wp-block-spacer\"><\/div>\n\n\n\n<details class=\"wp-block-details is-layout-flow wp-block-details-is-layout-flow\"><summary>Kate Blankenship, &#8220;Ontogenetic Toepad Patterns in Correlophus ciliates&#8221;<\/summary>\n<ul class=\"wp-block-list\">\n<li>Autumn, K., Dittmore, A., Santos, D., Spenko, M., &amp; Cutkosky, M. (2006). Frictional adhesion: a new angle on gecko attachment. <em>Journal of Experimental Biology<\/em>, <em>209<\/em>(18), 3569\u20133579. <a href=\"https:\/\/doi.org\/10.1242\/jeb.02486\">https:\/\/doi.org\/10.1242\/jeb.02486<\/a><\/li>\n\n\n\n<li>Griffing, A. H., Gamble, T., Cohn, M. J., &amp; Sanger, T. J. (2022). Convergent developmental patterns underlie the repeated evolution of adhesive toe pads among lizards. <em>Biological Journal of the Linnean Society<\/em>, <em>135<\/em>(3), 518\u2013532. <a href=\"https:\/\/doi.org\/10.1093\/biolinnean\/blab164\">https:\/\/doi.org\/10.1093\/biolinnean\/blab164<\/a><\/li>\n\n\n\n<li>Hagey, T. J., Puthoff, J. B., Crandell, K. E., Autumn, K., &amp; Harmon, L. J. (2016). Modeling observed animal performance using the Weibull distribution. <em>Journal of Experimental Biology<\/em>. <a href=\"https:\/\/doi.org\/10.1242\/jeb.129940\">https:\/\/doi.org\/10.1242\/jeb.129940<\/a><\/li>\n\n\n\n<li>Hagey, T. J., Puthoff, J. B., Holbrook, M., Harmon, L. J., &amp; Autumn, K. (2014). Variation in setal micromechanics and performance of two gecko species. <em>Zoomorphology<\/em>, <em>133<\/em>(2), 111\u2013126. <a href=\"https:\/\/doi.org\/10.1007\/s00435-013-0207-2\">https:\/\/doi.org\/10.1007\/s00435-013-0207-2<\/a><\/li>\n\n\n\n<li>Hagey, T. J., Uyeda, J. C., Crandell, K. E., Cheney, J. A., Autumn, K., &amp; Harmon, L. J. (2017). Tempo and mode of performance evolution across multiple independent origins of adhesive toe pads in lizards. <em>Evolution<\/em>, <em>71<\/em>(10), 2344\u20132358. <a href=\"https:\/\/doi.org\/10.1111\/evo.13318\">https:\/\/doi.org\/10.1111\/evo.13318<\/a><\/li>\n\n\n\n<li>Howell, B. K., Winchell, K. M., &amp; Hagey, T. J. (2022). Geometric morphometrics reveal shape differences in the toes of urban lizards. <em>Integrative Organismal Biology<\/em>, <em>4<\/em>(1). <a href=\"https:\/\/doi.org\/10.1093\/iob\/obac028\">https:\/\/doi.org\/10.1093\/iob\/obac028<\/a><\/li>\n\n\n\n<li>Irschick, D. J., Austin, C. C., Petren, K., Fisher, R. N., Losos, J. B., &amp; Ellers, O. (1996). A comparative analysis of clinging ability among pad-bearing lizards. <em>Biological Journal of the Linnean Society<\/em>, <em>59<\/em>(1), 21\u201335. <a href=\"https:\/\/doi.org\/10.1111\/j.1095-8312.1996.tb01451.x\">https:\/\/doi.org\/10.1111\/j.1095-8312.1996.tb01451.x<\/a><\/li>\n\n\n\n<li>Labonte, D., Clemente, C. J., Dittrich, A., Kuo, C., Crosby, A. J., Irschick, D. J., &amp; Federle, W. (2016). Extreme positive allometry of animal adhesive pads and the size limits of adhesion-based climbing. <em>Proceedings of the National Academy of Sciences<\/em>, <em>113<\/em>(5), 1297\u20131302. <a href=\"https:\/\/doi.org\/10.1073\/pnas.1519459113\">https:\/\/doi.org\/10.1073\/pnas.1519459113<\/a><\/li>\n\n\n\n<li>McCann, J., &amp; Hagey, T. J. (2024). Early burst of parallel evolution describes the diversification of gecko toe pads. <em>Frontiers in Ecology and Evolution<\/em>, <em>11<\/em>. <a href=\"https:\/\/doi.org\/10.3389\/fevo.2023.1334870\">https:\/\/doi.org\/10.3389\/fevo.2023.1334870<\/a><\/li>\n<\/ul>\n<\/details>\n\n\n\n<div style=\"height:24px\" aria-hidden=\"true\" class=\"wp-block-spacer\"><\/div>\n\n\n\n<details class=\"wp-block-details is-layout-flow wp-block-details-is-layout-flow\"><summary>Jodi Everett, &#8220;Wicked Witches of the South: Feminist Spirituality in Southern Lesbian Spaces&#8221;<\/summary>\n<ul class=\"wp-block-list\">\n<li><strong>Primary Sources<\/strong><\/li>\n\n\n\n<li>Booth, William. \u201cFor Lesbian Couple, Mississippi Retreat is Hardly a Haven.\u201d <em>The Washington Post <\/em>(December 1993). <a href=\"https:\/\/www.washingtonpost.com\/archive\/politics\/1993\/12\/12\/for-lesbian-couple-mississippi-retreat-is-hardly-a-haven\/fe5e35f0-bcac-44be-9608-453ba33c27b7\/\">https:\/\/www.washingtonpost.com\/archive\/politics\/1993\/12\/12\/for-lesbian-couple-mississippi-retreat-is-hardly-a-haven\/fe5e35f0-bcac-44be-9608-453ba33c27b7\/<\/a>.<\/li>\n\n\n\n<li>Brigit Books. Advertisement. <em>The Hericane<\/em>, October 1989. <a href=\"https:\/\/drive.google.com\/drive\/u\/0\/folders\/1EhuRF-kKsacMyPFcO0OOYlCiJ1e2_Va7\">https:\/\/drive.google.com\/drive\/u\/0\/folders\/1EhuRF-kKsacMyPFcO0OOYlCiJ1e2_Va7<\/a><\/li>\n\n\n\n<li>Brown, Cindy. <em>Pagans and friends Raise the Cone of Power<\/em>. Photograph. The Pluralism Project. Accessed September 25, 2024. <a href=\"https:\/\/pluralismproject.smugmug.com\/Best-Of-Galleries\/Best-of-Paganism\/i-v8vfgf9\/A\">https:\/\/pluralismproject.smugmug.com\/Best-Of-Galleries\/Best-of-Paganism\/i-v8vfgf9\/A<\/a><\/li>\n\n\n\n<li>Brown, Cindy. <em>The High Priestess and High Priest of the evening&#8217;s ritual invoke the Gods and Goddesses. <\/em>Photograph. The Pluralism Project. Accessed September 25, 2024. <a href=\"https:\/\/pluralismproject.smugmug.com\/Best-Of-Galleries\/Best-of-Paganism\/i-v8vfgf9\/A\">https:\/\/pluralismproject.smugmug.com\/Best-Of-Galleries\/Best-of-Paganism\/i-v8vfgf9\/A<\/a><\/li>\n\n\n\n<li>Bunch, Charlotte. \u201cLesbians in Revolt.\u201d <em>The Furies <\/em>(1972): 29-37. <a href=\"https:\/\/disruptnow.org\/wp-content\/uploads\/2021\/05\/Lesbians-In-Revolt.pdf\">https:\/\/disruptnow.org\/wp-content\/uploads\/2021\/05\/Lesbians-In-Revolt.pdf<\/a><\/li>\n\n\n\n<li>Dawidoff, Robert. \u201cThe Feds, Civil Rights and Camp Sister Spirit: Gay rights: The Mississippi Case Shows the Need for a Law.\u201d <em>Los Angeles Times<\/em>, February 25, 1994. <a href=\"https:\/\/www.latimes.com\/archives\/la-xpm-1994-02-25-me-26942-story.html\">https:\/\/www.latimes.com\/archives\/la-xpm-1994-02-25-me-26942-story.html<\/a>.<\/li>\n\n\n\n<li>Eller, Cynthia. <em>Living in the Lap of the Goddess: The Feminist Spirituality Movement in America<\/em>. Boston: Beacon Press, 1993.<\/li>\n\n\n\n<li>Goddess Gowns. Advertisement. <em>The Hericane<\/em>, October 1989. <a href=\"https:\/\/drive.google.com\/drive\/u\/0\/folders\/1EhuRF-kKsacMyPFcO0OOYlCiJ1e2_Va7\">https:\/\/drive.google.com\/drive\/u\/0\/folders\/1EhuRF-kKsacMyPFcO0OOYlCiJ1e2_Va7<\/a><\/li>\n\n\n\n<li>Lieu, Barbara. <em>The Pagoda Flyer<\/em>. 1979. In Rose Norman, <em>The Pagoda: A Lesbian Community by the Sea<\/em>, 73. Dover, Florida: Sinister Wisdom, 2024.<\/li>\n\n\n\n<li>Lieu, Barbara and Jean Adele. \u201cPagoda Women at Alapine.\u201d By Rose Norman. <em>Southern Lesbian Feminist Activist Herstory Project<\/em>, April 13, 2013. <a href=\"https:\/\/repository.duke.edu\/dc\/slfaherstoryproject\/04568a3f-87e0-4dc2-bfd4-44b8cebd1eb8\">https:\/\/repository.duke.edu\/dc\/slfaherstoryproject\/04568a3f-87e0-4dc2-bfd4-44b8cebd1eb8<\/a>.<\/li>\n\n\n\n<li>McAughey, Sean. \u201cThe American Dream \u2013 Camp Sister Spirit Mississippi.\u201d <em>The Blanket <\/em>(February 2006). <a href=\"https:\/\/theblanket.library.indianapolis.iu.edu\/smca0505064g.html\">https:\/\/theblanket.library.indianapolis.iu.edu\/smca0505064g.html<\/a>.<\/li>\n\n\n\n<li>Mystic Moon. Advertisement. <em>The Hericane<\/em>, October 1989. <a href=\"https:\/\/drive.google.com\/drive\/u\/0\/folders\/1EhuRF-kKsacMyPFcO0OOYlCiJ1e2_Va7\">https:\/\/drive.google.com\/drive\/u\/0\/folders\/1EhuRF-kKsacMyPFcO0OOYlCiJ1e2_Va7<\/a>.<\/li>\n\n\n\n<li>School Bus Crew. \u201cSt. Petersburg Festival Booth Interviews.\u201d Filmed 1998, C-Span video, 17:05. <a href=\"https:\/\/www.c-span.org\/program\/book-tv\/st-petersburg-festival-booth-interviews\/87626\">https:\/\/www.c-span.org\/program\/book-tv\/st-petersburg-festival-booth-interviews\/87626<\/a><\/li>\n\n\n\n<li>Sisco, Marideth. \u201cCamp Sister Spirit.\u201d My Life and Times, September 22, 2014. <a href=\"https:\/\/maridethsisco.com\/2014\/09\/22\/camp-sister-spirit\/\">https:\/\/maridethsisco.com\/2014\/09\/22\/camp-sister-spirit\/<\/a>.<\/li>\n\n\n\n<li>Yohalem, John. \u201cComing Out of the Broom Closet.\u201d <em>The Advocate <\/em>1, no. 589 (1991): 70-72.<\/li>\n\n\n\n<li><strong>Secondary Sources<\/strong><\/li>\n\n\n\n<li>Adler, Margot. \u201cInner Space: The Spiritual Frontier.\u201d In <em>Sisterhood Is Forever: The Women\u2019s Anthology for a New Millennium<\/em>, ed. Robin Morgan. New York, NY: Washington Square Press, 2003. <a href=\"https:\/\/www.feminist.com\/resources\/artspeech\/insp\/inner.html\">https:\/\/www.feminist.com\/resources\/artspeech\/insp\/inner.html<\/a>.<\/li>\n\n\n\n<li>Bingham, Clara. \u201cIntroduction.\u201d In <em>The Movement: How Women\u2019s Liberation Transformed America 1963-1973, <\/em>xi-xvi<em>. <\/em>New York, NY: One Signal Publishers, 2024.<\/li>\n\n\n\n<li>Cymres, Winter. \u201cBrigid: Survival Of A Goddess,\u201d The Druid Way. February 2020. <a href=\"https:\/\/druidry.org\/resources\/brigid-survival-of-a-goddess\">https:\/\/druidry.org\/resources\/brigid-survival-of-a-goddess<\/a><\/li>\n\n\n\n<li>Gilmore, Stephanie and Elizabeth Kaminski. \u201cA Part and Apart: Lesbian and Straight Feminist Activists Negotiate Identity in a Second-Wave Organization.\u201d J<em>ournal of the History of Sexuality <\/em>16, no. 1 (2007): 95-113. <a href=\"https:\/\/www.jstor.org\/stable\/30114203\">https:\/\/www.jstor.org\/stable\/30114203<\/a>.<\/li>\n\n\n\n<li>Harding, Sandra. \u201cIs There a Feminist Method?\u201d In <em>Feminism and Methodology<\/em>, 1-14. Bloomington, IN: Indiana Press, 1987.<\/li>\n\n\n\n<li>Harding, Sandra. \u201cRethinking Standpoint Epistemology: What is \u2018Strong Objectivity?\u2019\u201d <em>The Centennial Review <\/em>36, no. 3 (Fall 1992): 437-70.<\/li>\n\n\n\n<li>Harker, Jaime. \u201cWomen\u2019s Space, Queer Space.\u201d In <em>The Lesbian South<\/em>, 140-88. Chapel Hill, NC: University of North Carolina Press, 2018.<\/li>\n\n\n\n<li>Kwaschik, Anne. \u201c\u2018We Witches.\u2019 Knowledge Wars, Experience and Spirituality in the Women\u2019s Movement During the 1970s.\u201d <em>NTM <\/em>31, no. 2 (2023): 171-99.<\/li>\n\n\n\n<li>Mason, Sandra. \u201cIs There a Feminist Method?\u201d <em>Affilia <\/em>12, no. 1 (1997): 10-32. <a href=\"https:\/\/doi.org\/10.1177\/088610999701200102\">https:\/\/doi.org\/10.1177\/088610999701200102<\/a><\/li>\n\n\n\n<li>Norman, Rose. <em>The Pagoda: A Lesbian Community by the Sea. <\/em>Berkeley, CA: Sinister Wisdom, 2024.<\/li>\n\n\n\n<li>Norman, Rose. \u201cThe Pagoda: A Lesbian Community by the Sea\u2013Interview with the Book\u2019s Author, Rose Norman.\u201d By Merril Mushroom. <em>Southern Lesbian Feminist Activist Herstory Project<\/em>. November 7, 2023. <a href=\"https:\/\/slfaherstoryproject.org\/the-pagoda-a-lesbian-community-by-the-sea-interview-with-the-books-author-rose-norman\/\">https:\/\/slfaherstoryproject.org\/the-pagoda-a-lesbian-community-by-the-sea-interview-with-the-books-author-rose-norman\/<\/a><\/li>\n\n\n\n<li>Norman, Rose. \u201c\u2018You Had to be Passionate and Crazy\u2019: Feminist Booksellers in the South,\u201d <em>Sinister Wisdom <\/em>1, no. 116 (Spring 2020): 14-38.<\/li>\n\n\n\n<li>Puckett, Robert. \u201cRe-Enchanting the World: A Weberian Analysis of Wiccan Charisma.\u201d <em>In Handbook of Contemporary Paganism<\/em>, eds. James Lewis and Murphy Pizza. Netherlands: Brill, 2009: 121-51. <a href=\"https:\/\/womrel.sitehost.iu.edu\/Rel433%20Readings\/Puckett_ReEnchantingTheWorld_WeberianAnalysisWicca.pdf\">https:\/\/womrel.sitehost.iu.edu\/Rel433%20Readings\/Puckett_ReEnchantingTheWorld_WeberianAnalysisWicca.pdf<\/a><\/li>\n\n\n\n<li>Sempruch, Justyna. <em>Fantasies of Gender and the Witch in Feminist Theory and Literature. <\/em>West Lafayette, IA: Purdue University Press, 2008.<\/li>\n<\/ul>\n<\/details>\n\n\n\n<div style=\"height:30px\" aria-hidden=\"true\" class=\"wp-block-spacer\"><\/div>\n\n\n\n<details class=\"wp-block-details is-layout-flow wp-block-details-is-layout-flow\"><summary>Mary Hope Gammel, &#8220;Knowledge of Seizure First Aid Amongst Healthcare vs. Non-Healthcare Majors&#8221;<\/summary>\n<ul class=\"wp-block-list\">\n<li>Abbasi-Kangevarij, Mohsen, Ali-Asghar Kolahi, Ahmad-Reza Farsar, and Saeid Kermaniranjbar. (2019). Public Awareness, Attitudes, and First-Aid Measures on Epilepsy in Tehran. <em>Iranian Journal of Child Neurology<\/em>, 13(1), 91\u2013105.<\/li>\n\n\n\n<li>Anwar, Haleema, Qudsia Umaira Khan, Natasha Nadeem, Iqra Pervaiz, Muhammad Ali, and Fatima Fayyaz Cheema. \u201cEpileptic Seizures.\u201d <em>Discoveries<\/em>, 8(2).<a href=\"https:\/\/doi.org\/10.15190\/d.2020.7\"> <\/a><a href=\"https:\/\/doi.org\/10.15190\/d.2020.7\">https:\/\/doi.org\/10.15190\/d.2020.7<\/a><\/li>\n\n\n\n<li>Asadi-Pooya, Ali A., Seyed Ali Hosseini, Leila Hashemizadeh Fard Haghighi, and Hanieh Asadi-Pooya. \u201cSeizure First Aid for People with Epilepsy: Opinions and Knowledge of Caregivers and Healthcare Professionals.\u201d <em>Seizure<\/em>, 102, 1\u20135.<a href=\"https:\/\/doi.org\/10.1016\/j.seizure.2022.09.007\"> <\/a><a href=\"https:\/\/doi.org\/10.1016\/j.seizure.2022.09.007\">https:\/\/doi.org\/10.1016\/j.seizure.2022.09.007<\/a><\/li>\n\n\n\n<li>Bennet, Divya. \u201cLet\u2019s Talk About Epilepsy.\u201d <em>Current Medical Issues<\/em>, 22(3), 175\u201377.<a href=\"https:\/\/doi.org\/10.4103\/cmi.cmi_40_24\"> <\/a><a href=\"https:\/\/doi.org\/10.4103\/cmi.cmi_40_24\">https:\/\/doi.org\/10.4103\/cmi.cmi_40_24<\/a><\/li>\n\n\n\n<li>CDC. \u201cEpilepsy Basics.\u201d Epilepsy, May 15, 2024. <a href=\"https:\/\/www.cdc.gov\/epilepsy\/about\/index.html\">https:\/\/www.cdc.gov\/epilepsy\/about\/index.html<\/a><\/li>\n\n\n\n<li>CDC. \u201cFirst Aid for Seizures.\u201d Epilepsy, May 22, 2024.<a href=\"https:\/\/www.cdc.gov\/epilepsy\/first-aid-for-seizures\/index.html\"> <\/a><a href=\"https:\/\/www.cdc.gov\/epilepsy\/first-aid-for-seizures\/index.html\">https:\/\/www.cdc.gov\/epilepsy\/first-aid-for-seizures\/index.html<\/a><\/li>\n\n\n\n<li>CDC. \u201cTypes of Seizures.\u201d Epilepsy, May 15, 2024. <a href=\"https:\/\/www.cdc.gov\/epilepsy\/about\/types-of-seizures.html\">https:\/\/www.cdc.gov\/epilepsy\/about\/types-of-seizures.html<\/a><\/li>\n\n\n\n<li>Edward, Karen-Leigh, Mark Cook, John Stephenson, and Jo-Ann Giandinoto. \u201cThe Impact of Brief Lifestyle Self-Management Education for the Control of Seizures.\u201d <em>British Journal of Nursing<\/em>, 28(6), 348\u201354.<a href=\"https:\/\/doi.org\/10.12968\/bjon.2019.28.6.348\"> <\/a><a href=\"https:\/\/doi.org\/10.12968\/bjon.2019.28.6.348\">https:\/\/doi.org\/10.12968\/bjon.2019.28.6.348<\/a><\/li>\n\n\n\n<li>Gold, C., Menke, E. M., Parker, M. E., &amp; Lynn, C. E. (2004). Self-care theory in nursing: selected papers of Dorothea Orem. <em>Nursing Science Quarterly<\/em>, <em>17<\/em>(3), 274\u2013278.<\/li>\n\n\n\n<li>Kr\u00f3likowska, Agnieszka, Karolina Filipska, Alina Laskowska, Renata Jab\u0142o\u0144ska, Beata Haor, and Robert \u015alusarz. \u201cKnowledge about Epilepsy among Patients under Community Care.\u201d <em>Journal of Neurological &amp; Neurosurgical Nursing \/ Piel\u0119gniarstwo Neurologiczne i Neurochirurgiczne<\/em>, 10(3), 105\u201311.<a href=\"https:\/\/doi.org\/10.15225\/PNN.2021.10.3.3\"> <\/a><a href=\"https:\/\/doi.org\/10.15225\/PNN.2021.10.3.3\">https:\/\/doi.org\/10.15225\/PNN.2021.10.3.3<\/a><\/li>\n\n\n\n<li>Mayo Clinic. \u201cSeizures.\u201d Diseases &amp; Conditions, September 2, 2023. <a href=\"https:\/\/www.mayoclinic.org\/diseases-conditions\/seizure\/symptoms-causes\/syc-20365711#:~:text=A%20seizure%20is%20a%20sudden,is%20considered%20to%20be%20epilepsy\">https:\/\/www.mayoclinic.org\/diseases-conditions\/seizure\/symptoms-causes\/syc-20365711#:~:text=A%20seizure%20is%20a%20sudden,is%20considered%20to%20be%20epilepsy<\/a><\/li>\n\n\n\n<li>Modi, Sanskruti, Dinesh Chavhan, Rachana Dabadghav, Ashok Shyam, and Parag Sancheti. \u201cAwareness and Attitude of First-Aid Seizure Management among Physiotherapy Undergraduate Students.\u201d <em>Physiotherapy: The Journal of Indian Association of Physiotherapists<\/em>, 16(2), 77\u201380.<a href=\"https:\/\/doi.org\/10.4103\/pjiap.pjiap_26_22\"> <\/a><a href=\"https:\/\/doi.org\/10.4103\/pjiap.pjiap_26_22\">https:\/\/doi.org\/10.4103\/pjiap.pjiap_26_22<\/a><\/li>\n\n\n\n<li>Rank, Wendi P. \u201cSeizure First Aid for Bystanders.\u201d <em>Nursing<\/em>, 50(10), 11\u201312. October, 2020.<a href=\"https:\/\/doi.org\/10.1097\/01.NURSE.0000697196.36554.fe\"> <\/a><a href=\"https:\/\/doi.org\/10.1097\/01.NURSE.0000697196.36554.fe\">https:\/\/doi.org\/10.1097\/01.NURSE.0000697196.36554.fe<\/a><\/li>\n\n\n\n<li>Shellhaas, Ren\u00e9e A. \u201cChapter 17 &#8211; Seizure Classification, Etiology, and Management.\u201d In <em>Handbook of Clinical Neurology<\/em>, edited by Linda S. de Vries and Hannah C. Glass, 162:347\u201361. Neonatal Neurology. Elsevier, 2019.<a href=\"https:\/\/doi.org\/10.1016\/B978-0-444-64029-1.00017-5\"> <\/a><a href=\"https:\/\/doi.org\/10.1016\/B978-0-444-64029-1.00017-5\">https:\/\/doi.org\/10.1016\/B978-0-444-64029-1.00017-5<\/a><\/li>\n\n\n\n<li>Silverman EC, Sporer KA, Lemieux JM, Brown JF, Koenig KL, Gausche-Hill M, Rudnick EM, Salvucci AA, Gilbert GH. \u201cPrehospital Care for the Adult and Pediatric Seizure Patient: Current Evidence-based Recommendations.\u201d <em>West J Emerg Med<\/em>, 18(3), 419-436. <a href=\"https:\/\/doi.org\/10.5811\/westjem.2016.12.32066\">https:\/\/doi.org\/10.5811\/westjem.2016.12.32066<\/a><\/li>\n\n\n\n<li>Shawahna, Ramzi, and Mohammad Jaber. \u201cAssessing Knowledge and Attitudes of Palestinian Undergraduate Nursing Students toward Epilepsy and Patients with Epilepsy: A Cross-Sectional Study.\u201d <em>Epilepsy &amp; Behavior<\/em>, 102, 106811.<a href=\"https:\/\/doi.org\/10.1016\/j.yebeh.2019.106811\"> https:\/\/doi.org\/10.1016\/j.yebeh.2019.106811<\/a>. (2023). Epilepsy Queensland. Retrieved from <a href=\"https:\/\/myimpact.epilepsyqueensland.com.au\/get-seizure-smart\">https:\/\/myimpact.epilepsyqueensland.com.au\/get-seizure-smart<\/a><\/li>\n<\/ul>\n<\/details>\n\n\n\n<div style=\"height:30px\" aria-hidden=\"true\" class=\"wp-block-spacer\"><\/div>\n\n\n\n<details class=\"wp-block-details is-layout-flow wp-block-details-is-layout-flow\"><summary>Kimberly Holifield, &#8220;Exploring How Attention Control Deficits Affect Multitasking&#8221;<\/summary>\n<ul class=\"wp-block-list\">\n<li>Block, R. W., Macdonald, N. E., &amp; Piotrowski, N. A. (2024). Attention deficit hyperactivity disorder (ADHD).&nbsp;<em>Salem Press Encyclopedia of Health<\/em>.<\/li>\n\n\n\n<li>Borst, J. P., Taatgen, N. A., &amp; van Rijn, H. (2010). The problem state: A cognitive bottleneck in multitasking.&nbsp;<em>Journal of Experimental Psychology: Learning, Memory, and Cognition<\/em>,&nbsp;<em>36<\/em>(2), 363\u2013382. <a href=\"https:\/\/doi-org.libprxy.muw.edu\/10.1037\/a0018106\">https:\/\/doi-org.libprxy.muw.edu\/10.1037\/a0018106<\/a><\/li>\n\n\n\n<li>Bueno, V. F., da Silva, M. A., Alves, T. M., Louz\u00e3, M. R., &amp; Pomp\u00e9ia, S. (2017). Fractionating executive functions of adults with ADHD.&nbsp;<em>Journal of Attention Disorders<\/em>,&nbsp;<em>21<\/em>(11), 944\u2013955. <a href=\"https:\/\/doi.org\/10.1177\/1087054714545537\">https:\/\/doi.org\/10.1177\/1087054714545537<\/a><\/li>\n\n\n\n<li>Carrier, L. M., Rosen, L. D., Cheever, N. A., &amp; Lim, A. F. (2015). Causes, effects, and practicalities of everyday multitasking.&nbsp;<em>Developmental review<\/em>,&nbsp;<em>35<\/em>, 64-78. <a href=\"https:\/\/doi.org\/10.1016\/j.dr.2014.12.005\" target=\"_blank\" rel=\"noreferrer noopener\">https:\/\/doi.org\/10.1016\/j.dr.2014.12.005<\/a><\/li>\n\n\n\n<li>Courage, M. L., Bakhtiar, A., Fitzpatrick, C., Kenny, S., &amp; Brandeau, K. (2015). Growing up multitasking: The costs and benefits for cognitive development.&nbsp;<em>Developmental Review<\/em>,&nbsp;<em>35<\/em>, 5-41. <a href=\"https:\/\/doi.org\/10.1016\/j.dr.2014.12.002\" target=\"_blank\" rel=\"noreferrer noopener\">https:\/\/doi.org\/10.1016\/j.dr.2014.12.002<\/a><\/li>\n\n\n\n<li>Diehl, M., Semegon, A. B. &amp; Schwarzer, R. (2006). Assessing attention control in goal pursuit: A component of dispositional self-regulation. Journal of Personality Assessment, 86, 306\u2013317. <a href=\"https:\/\/doi.org\/10.1207\/s15327752jpa8603_06\">https:\/\/doi.org\/10.1207\/s15327752jpa8603_06<\/a>.<\/li>\n\n\n\n<li>Fisher, J. T., Hopp, F. R., Chen, Y., &amp; Weber, R. (2023). Uncovering the structure of media multitasking and attention problems using network analytic techniques.&nbsp;<em>Computers in Human Behavior<\/em>,&nbsp;<em>147<\/em>, 1\u20139. <a href=\"https:\/\/doi-org.libprxy.muw.edu\/10.1016\/j.chb.2023.107829\">https:\/\/doi-org.libprxy.muw.edu\/10.1016\/j.chb.2023.107829<\/a><\/li>\n\n\n\n<li>Gawrilow, C., Merkt, J., Goossens, M. H., Bodenburg, S., &amp; Wendt, M. (2011). Multitasking in adults with ADHD.&nbsp;<em>ADHD ATTENTION DEFICIT AND HYPERACTIVITY DISORDERS<\/em>,&nbsp;<em>3<\/em>(3), 253\u2013264.<\/li>\n\n\n\n<li>Gonzalez-Gadea, M. L., Baez, S., &amp; Torralva, T. (2013). Cognitive Variability in Adults with ADHD and AS: Disentangling the Roles of Executive Functions and Social Cognition.&nbsp;<em>Research in Developmental Disabilities: A Multidisciplinary Journal<\/em>,&nbsp;<em>34<\/em>(2), 817\u2013830. <a href=\"https:\/\/doi.org\/10.1016\/j.ridd.2012.11.009\">https:\/\/doi.org\/10.1016\/j.ridd.2012.11.009<\/a><\/li>\n\n\n\n<li>Hupfeld, K. E., Abagis, T. R., &amp; Shah, P. (2019). Living \u201cin the zone\u201d: Hyperfocus in adult ADHD.&nbsp;<em>ADHD Attention Deficit and Hyperactivity Disorders<\/em>,&nbsp;<em>11<\/em>(2), 191\u2013208. <a href=\"https:\/\/doi.org\/10.1007\/s12402-018-0272-y\">https:\/\/doi.org\/10.1007\/s12402-018-0272-y<\/a><\/li>\n\n\n\n<li>Koko\u00e7, M. (2021). The mediating role of attention control in the link between multitasking with social media and academic performances among adolescents.&nbsp;<em>Scandinavian Journal of Psychology<\/em>,&nbsp;<em>62<\/em>(4), 493\u2013501. <a href=\"https:\/\/doi.org\/10.1111\/sjop.12731\">https:\/\/doi.org\/10.1111\/sjop.12731<\/a><\/li>\n\n\n\n<li>K\u00f6nig, C., &amp; Waller, M. (2010). Time for Reflection: A Critical Examination of Polychronicity.&nbsp;<em>Human Performance<\/em>,&nbsp;<em>23<\/em>(2), 173\u2013190. <a href=\"https:\/\/doi-org.libprxy.muw.edu\/10.1080\/08959281003621703\">https:\/\/doi-org.libprxy.muw.edu\/10.1080\/08959281003621703<\/a><\/li>\n\n\n\n<li>Magen, H. (2017). The relations between executive functions, media multitasking and polychronicity.&nbsp;<em>Computers in Human Behavior<\/em>,&nbsp;<em>67<\/em>, 1\u20139. <a href=\"https:\/\/doi.org\/10.1016\/j.chb.2016.10.011\">https:\/\/doi.org\/10.1016\/j.chb.2016.10.011<\/a><\/li>\n\n\n\n<li>Manly, T., Hawkins, K., Evans, J., Woldt, K., &amp; Robertson, I. H. (2002). Rehabilitation of executive function: Facilitation of effective goal management on complex tasks using periodic auditory alerts. <em>Neuropsychologia<\/em>, <em>40<\/em>(3), 271\u2013281. <a href=\"https:\/\/doi.org\/10.1016\/s0028-3932(01)00094-x\">https:\/\/doi.org\/10.1016\/s0028-3932(01)00094-x<\/a>&nbsp;<\/li>\n\n\n\n<li>Mittelst\u00e4dt, V., Miller, J., &amp; Kiesel, A. (2018). Trading off switch costs and stimulus availability benefits: An investigation of voluntary task-switching behavior in a predictable dynamic multitasking environment.&nbsp;<em>Memory &amp; Cognition<\/em>,&nbsp;<em>46<\/em>(5), 699\u2013715. <a href=\"https:\/\/doi-org.libprxy.muw.edu\/10.3758\/s13421-018-0802-z\">https:\/\/doi-org.libprxy.muw.edu\/10.3758\/s13421-018-0802-z<\/a><\/li>\n\n\n\n<li>Mowinckel, A. M., Pedersen, M. L., Eilertsen, E., &amp; Biele, G. (2015). A meta-analysis of decision-making and attention in adults with ADHD.&nbsp;<em>Journal of Attention Disorders<\/em>,&nbsp;<em>19<\/em>(5), 355\u2013367. <a href=\"https:\/\/doi.org\/10.1177\/1087054714558872\">https:\/\/doi.org\/10.1177\/1087054714558872<\/a> <\/li>\n\n\n\n<li>M\u00fcller, B. W., Gimbel, K., Keller-Plie\u00dfnig, A., Sartory, G., Gastpar, M., &amp; Davids, E. (2007). Neuropsychological assessment of adult patients with attention-deficit\/hyperactivity disorder.&nbsp;<em>European Archives of Psychiatry and Clinical Neuroscience<\/em>,&nbsp;<em>257<\/em>(2), 112\u2013119. <a href=\"https:\/\/doi-org.libprxy.muw.edu\/10.1007\/s00406-006-0688-9\">https:\/\/doi-org.libprxy.muw.edu\/10.1007\/s00406-006-0688-9<\/a><\/li>\n\n\n\n<li>Ophir, E., Nass, C., &amp; Wagner, A. D. (2009). Cognitive control in media multitaskers.&nbsp; PNAS Proceedings of the National Academy of Sciences of the United States of America, 106, 15583-15587. <a href=\"https:\/\/doi.org\/10.1073\/pnas.0903620106\">https:\/\/doi.org\/10.1073\/pnas.0903620106<\/a><\/li>\n\n\n\n<li>Pezzica, S., Vezzani, C., &amp; Pinto, G. (2018). Metacognitive knowledge of attention in children with and without ADHD symptoms.&nbsp;<em>Research in Developmental Disabilities<\/em>,&nbsp;<em>83<\/em>, 142\u2013152. <a href=\"https:\/\/doi.org\/10.1016\/j.ridd.2018.08.005\">https:\/\/doi.org\/10.1016\/j.ridd.2018.08.005<\/a><\/li>\n\n\n\n<li>Redick, T. S., Shipstead, Z., Meier, M. E., Montroy, J. J., Hicks, K. L., Unsworth, N., Kane, M. J., Hambrick, D. Z., &amp; Engle, R. W. (2016). Cognitive predictors of a common multitasking ability: Contributions from working memory, attention control, and fluid intelligence.&nbsp;<em>Journal of Experimental Psychology: General<\/em>,&nbsp;<em>145<\/em>(11), 1473\u20131492. <a href=\"https:\/\/doi-org.libprxy.muw.edu\/10.1037\/xge0000219\">https:\/\/doi-org.libprxy.muw.edu\/10.1037\/xge0000219<\/a><\/li>\n\n\n\n<li>Salmi, J., Salmela, V., Salo, E., Mikkola, K., Lepp\u00e4m\u00e4ki, S., Tani, P., Hokkanen, L., Laasonen, M., Numminen, J., &amp; Alho, K. (2018). Out of focus\u2014Brain attention control deficits in adult ADHD.&nbsp;<em>Brain Research<\/em>,&nbsp;<em>1692<\/em>, 12\u201322. <a href=\"https:\/\/doi.org\/10.1016\/j.brainres.2018.04.019\">https:\/\/doi.org\/10.1016\/j.brainres.2018.04.019<\/a><\/li>\n\n\n\n<li>Salvucci, D. D., &amp; Taatgen, N. A. (2008). Threaded cognition: An integrated theory of concurrent multitasking.&nbsp;<em>Psychological Review<\/em>,&nbsp;<em>115<\/em>(1), 101\u2013130. <a href=\"https:\/\/doi.org\/10.1037\/0033-295X.115.1.101\">https:\/\/doi.org\/10.1037\/0033-295X.115.1.101<\/a><\/li>\n\n\n\n<li>Salvucci, D. D., Taatgen, N. A., &amp; Borst, J. P. (2009). Toward a Unified Theory of the Multitasking Continuum: From Concurrent Performance to Task Switching, Interruption, and Resumption.&nbsp;<em>CHI -CONFERENCE-<\/em>,&nbsp;<em>3<\/em>, 1819\u20131828.<\/li>\n\n\n\n<li>Shallice, T., &amp; Burgess, P. W. (1991). Deficits in strategy application following frontal lobe damage in man. <em>Brain<\/em>, <em>114<\/em>(2), 727\u2013741. <a href=\"https:\/\/doi.org\/10.1093\/brain\/114.2.727\">https:\/\/doi.org\/10.1093\/brain\/114.2.727<\/a> &nbsp;<\/li>\n\n\n\n<li>Torralva, T., Roca, M., Gleichgerrcht, E., Bekinschtein, T., &amp; Manes, F. (2009). A neuropsychological battery to detect specific executive and social cognitive impairments in early frontotemporal dementia. <em>Brain<\/em>, <em>132<\/em>(5), 1299\u20131309. <a href=\"https:\/\/doi.org\/10.1093\/brain\/awp041\">https:\/\/doi.org\/10.1093\/brain\/awp041<\/a><\/li>\n\n\n\n<li>U\u017eule, K. (2018). Mobile education: Review of literature on negative effects of multitasking. <em>Lecture Notes in Networks and Systems<\/em>, <em>36<\/em>, 670\u2013677. <a href=\"https:\/\/doi.org\/10.1007\/978-3-319-74454-4_64\">https:\/\/doi.org\/10.1007\/978-3-319-74454-4_64<\/a> Wood, E., &amp; Zivcakova, L. (2015). Understanding multimedia multitasking in educational settings.&nbsp;<em>The Wiley handbook of psychology, technology, and society<\/em>, 404-419. <a href=\"https:\/\/doi.org\/10.1002\/9781118771952.ch23\">https:\/\/doi.org\/10.1002\/9781118771952.ch23<\/a><\/li>\n<\/ul>\n<\/details>\n\n\n\n<div style=\"height:30px\" aria-hidden=\"true\" class=\"wp-block-spacer\"><\/div>\n\n\n\n<details class=\"wp-block-details is-layout-flow wp-block-details-is-layout-flow\"><summary>Adriana Love, &#8220;Comprehensive Analysis of Sleep Quality in Employed Versus Non-Employed College<br>Students&#8221;<\/summary>\n<ul class=\"wp-block-list\">\n<li>Alamir, Y. A., Zullig, K. J., Kristjansson, A. L., Wen, S., Misra, R., &amp; Montgomery-Downs, H. (2022). A theoretical model of college students\u2019 sleep quality and health-related quality of life. Journal of Behavioral Medicine, 45(6), 925\u2013934. <a href=\"https:\/\/doi.org\/10.1007\/s10865-022-00348-9\">https:\/\/doi.org\/10.1007\/s10865-022-00348-9<\/a><\/li>\n\n\n\n<li>Chiang, Y. C., Arendt, S., &amp; Sapp, S. (2020). Academic Performance, Employment, and Sleep Health: A Comparison between Working and Nonworking Students. International Journal of Higher Education, 9(3), 202. <a href=\"https:\/\/doi.org\/10.5430\/ijhe.v9n3p202\">https:\/\/doi.org\/10.5430\/ijhe.v9n3p202<\/a><\/li>\n\n\n\n<li>Jansen, E. C., Peterson, K. E., O\u2019Brien, L., Hershner, S., &amp; Boolani, A. (2020). Associations Between Mental Workload and Sleep Quality in a Sample of Young Adults Recruited from a US College Town. Behavioral Sleep Medicine, 18(4), 513\u2013522. <a href=\"https:\/\/doi.org\/10.1080\/15402002.2019.1626728\">https:\/\/doi.org\/10.1080\/15402002.2019.1626728<\/a><\/li>\n\n\n\n<li>Blackwelder, A. (2021). Effect of Inadequate Sleep on Frequent Mental Distress. Preventing Chronic Disease, 18. <a href=\"https:\/\/doi.org\/10.5888\/pcd18.200573\">https:\/\/doi.org\/10.5888\/pcd18.200573<\/a><\/li>\n\n\n\n<li>Toscano-Hermoso, M. D., Arbinaga, F., Fern\u00e1ndez-Ozcorta, E. J., G\u00f3mez-Salgado, J., &amp; Ruiz-Frutos, C. (2020). Influence of Sleeping Patterns in Health and Academic Performance Among University Students. International Journal of Environmental Research and Public Health, 17(8), 2760. <a href=\"https:\/\/doi.org\/10.3390\/ijerph17082760\">https:\/\/doi.org\/10.3390\/ijerph17082760<\/a><\/li>\n\n\n\n<li>Lueke, N. A., &amp; Assar, A. (2024). Poor sleep quality and reduced immune function among college students: Perceived stress and depression as mediators. Journal of American College Health, 72(4), 1112\u20131119. <a href=\"https:\/\/doi.org\/10.1080\/07448481.2022.2068350\">https:\/\/doi.org\/10.1080\/07448481.2022.2068350<\/a><\/li>\n\n\n\n<li>Mbous, Y. P. V. (2022). Psychosocial Correlates of Insomnia Among College Students. Preventing Chronic Disease, 19. <a href=\"https:\/\/doi.org\/10.5888\/pcd19.220060\">https:\/\/doi.org\/10.5888\/pcd19.220060<\/a><\/li>\n\n\n\n<li>Okano, K., Kaczmarzyk, J. R., Dave, N., Gabrieli, J. D. E., &amp; Grossman, J. C. (2019). Sleep quality, duration, and consistency are associated with better academic performance in college students. NPJ Science of Learning, 4, 16. <a href=\"https:\/\/doi.org\/10.1038\/s41539-019-0055-z\">https:\/\/doi.org\/10.1038\/s41539-019-0055-z<\/a><\/li>\n\n\n\n<li>Peltz, J. S., Bodenlos, J. S., Kingery, J. N., &amp; Rogge, R. D. (2021). The role of financial strain in college students\u2019 work hours, sleep, and mental health. Journal of American College Health, 69(6), 577\u2013584. <a href=\"https:\/\/doi.org\/10.1080\/07448481.2019.1705306\">https:\/\/doi.org\/10.1080\/07448481.2019.1705306<\/a><\/li>\n\n\n\n<li>McCoy, M., Rodriguez, E., Summer, R., Trujillo, I. (2023). Support for Working Students: Understanding the Impacts of Employment on Students\u2019 Lives. Journal of College Student Retention: Research, Theory &amp; Practice, 152102512211492. <a href=\"https:\/\/doi.org\/10.1177\/15210251221149209\">https:\/\/doi.org\/10.1177\/15210251221149209<\/a><\/li>\n<\/ul>\n<\/details>\n\n\n\n<div style=\"height:30px\" aria-hidden=\"true\" class=\"wp-block-spacer\"><\/div>\n\n\n\n<details class=\"wp-block-details is-layout-flow wp-block-details-is-layout-flow\"><summary>Katherine Marsh, &#8220;Exploring Vocal Hygiene Education Across Three Disciplines&#8221;<\/summary>\n<ul class=\"wp-block-list\">\n<li>Aiken, P. J., &amp; Rumbach, A. F. (2018). Keeping the voice fit in the group fitness industry: A qualitative study to determine what instructors want in a voice education program. <em>Journal of Voice<\/em>, <em>32<\/em>(2), 256.e25-256.e34. <a href=\"https:\/\/doi.org\/10.1016\/j.jvoice.2017.04.014\">https:\/\/doi.org\/10.1016\/j.jvoice.2017.04.014<\/a><\/li>\n\n\n\n<li>Anderson, K., Reimer, C., Carlson, K. J., &amp; Dowdall, J. R. (2024). Targeted vocal education for voice disorder prevention in educators. <em>Educational Research: Theory and Practice, 32 (2), 1\u20137.<\/em><\/li>\n\n\n\n<li>Gauvin, N., Fleury, A., &amp; Reynolds, V. (2022). Vocal health of sporting, fitness, and wellness leaders in Northern New York and Vermont. <em>Logopedics Phoniatrics Vocology<\/em>, <em>47<\/em>(2), 139\u2013145. <a href=\"https:\/\/doi.org\/10.1080\/14015439.2021.1897671\">https:\/\/doi.org\/10.1080\/14015439.2021.1897671<\/a><\/li>\n\n\n\n<li>Georgalas, V. L., Kalantzi, N., Harpur, I., &amp; Kenny, C. (2023). The effects of caffeine on voice: a systematic review.&nbsp;<em>Journal of Voice: Official Journal of the Voice Foundation<\/em>,&nbsp;<em>37<\/em>(4), 636.e7\u2013636.e19. <a href=\"https:\/\/doi.org\/10.1016\/j.jvoice.2021.02.025\">https:\/\/doi.org\/10.1016\/j.jvoice.2021.02.025<\/a><\/li>\n\n\n\n<li>Lobo, B. P. L., Madazio, G. M. V., Badar\u00f3, F. A. R., &amp; Behlau, M. S. (2018). Vocal risk in preachers: Talkativeness, vocal loudness, and knowledge about vocal health and hygiene. <em>CoDAS<\/em>, <em>30<\/em>(2). <a href=\"https:\/\/doi.org\/10.1590\/2317-1782\/20182017089\">https:\/\/doi.org\/10.1590\/2317-1782\/20182017089<\/a><\/li>\n\n\n\n<li>Maasz, J. J., Van Der Riet, S., Henri\u00ebt, M., Britz, L., Du Toit, M. N., Graham, M. A., &amp; Van Der Linde, J. (2024). Knowledge and needs of theology students on voice and vocal hygiene at a South African institution of higher education. <em>Communication Disorders Quarterly<\/em>, 15257401241254808. <a href=\"https:\/\/doi.org\/10.1177\/15257401241254808\">https:\/\/doi.org\/10.1177\/15257401241254808<\/a><\/li>\n\n\n\n<li><em>NCI Dictionary of Cancer terms<\/em>. Comprehensive Cancer Information &#8211; NCI. (n.d.). <a href=\"https:\/\/www.cancer.gov\/publications\/dictionaries\/cancer-terms\/def\/dysphonia\">https:\/\/www.cancer.gov\/publications\/dictionaries\/cancer-terms\/def\/dysphonia<\/a>&nbsp;<\/li>\n\n\n\n<li>Rumbach, A. F. (2013). Voice problems of group fitness instructors: Diagnosis, treatment, perceived and experienced attitudes and expectations of the industry. <em>Journal of Voice<\/em>, <em>27<\/em>(6), 786.e1-786.e9.<\/li>\n\n\n\n<li>Smith, E., Verdolini, K., Gray, S., Nichols, S., Lemke, J., Barkmeier, J., Hoffman, H. (1996). Effect of voice disorders on quality of life. <em>Journal of Medical Speech-Language Pathology, 4, 223-244.<\/em><\/li>\n\n\n\n<li>Szymanowski, A. R., Borst, K. S., &amp; Sataloff, R. T. (2014). Voice Disorders in Teachers: Examining the problem and evaluating prevention. <em>Journal of Singing, 71(2), 201-206<\/em><\/li>\n\n\n\n<li><em>Vocal hygiene | UNC voice center<\/em>. UNC School of Medicine. (n.d.). <a href=\"https:\/\/www.med.unc.edu\/ent\/uncvoicecenter\/wp-content\/uploads\/sites\/516\/2017\/11\/vocal-hygiene.pdf\">https:\/\/www.med.unc.edu\/ent\/uncvoicecenter\/wp-content\/uploads\/sites\/516\/2017\/11\/vocal-hygiene.pdf<\/a><\/li>\n<\/ul>\n<\/details>\n\n\n\n<div style=\"height:30px\" aria-hidden=\"true\" class=\"wp-block-spacer\"><\/div>\n\n\n\n<details class=\"wp-block-details is-layout-flow wp-block-details-is-layout-flow\"><summary>Emma Morrison, &#8220;Mental Health: Corrections Officers in Mississippi Prisons&#8221;<\/summary>\n<ul class=\"wp-block-list\">\n<li>Black, Shannon. \u201cCorrectional Employee Stress &amp; Strain.\u201d&nbsp;<em>Corrections Today<\/em>, vol. 63, no. 6, Oct. 2001, p. 82.&nbsp;<em>EBSCOhost<\/em>,<em>&nbsp;<\/em><a href=\"http:\/\/research.ebsco.com\/linkprocessor\/plink?id=875fbc2b-2196-37ed-8041-2038a76ff22d\">research.ebsco.com\/linkprocessor\/plink?id=875fbc2b-2196-37ed-8041-2038a76ff22d<\/a><\/li>\n\n\n\n<li>Coulling, Ryan, et al. \u201c\u2018We Must Be Mentally Strong\u2019: Exploring Barriers to Mental Health in Correctional Services.\u201d&nbsp;<em>Frontiers in Psychology<\/em>, 9 Jan. 2024, <a href=\"http:\/\/www.frontiersin.org\/journals\/psychology\/articles\/10.3389\/fpsyg.2024.1258944\/full\">www.frontiersin.org\/journals\/psychology\/articles\/10.3389\/fpsyg.2024.1258944\/full<\/a>.<\/li>\n\n\n\n<li><em>DASS21 Questionnaire<\/em>, <a href=\"http:\/\/maic.qld.gov.au\/wp-content\/uploads\/2016\/07\/DASS-21.pdf\">maic.qld.gov.au\/wp-content\/uploads\/2016\/07\/DASS-21.pdf<\/a>. Accessed 26 Oct. 2024.&nbsp;<\/li>\n\n\n\n<li>Denhof, Michael D, and Caterina G Spinaris. \u201cDepression, PTSD, and Comorbidity in United States Corrections Professionals: Prevalence and Impact on Health and Functioning.\u201d&nbsp;<em>Depression, PTSD, and Comorbidity in United States Corrections Professionals: Prevalence and Impact on Health and Functioning | National Institute of Corrections<\/em>, 2013, <a href=\"http:\/\/nicic.gov\/resources\/nic-library\/all-library-items\/depression-ptsd-and-comorbidity-united-states-corrections\">nicic.gov\/resources\/nic-library\/all-library-items\/depression-ptsd-and-comorbidity-united-states-corrections<\/a><\/li>\n\n\n\n<li>\u201cFacilities.\u201d&nbsp;<em>Facilities Map<\/em>, Mississippi Department of Corrections, <a href=\"http:\/\/www.mdoc.ms.gov\/facilities\">www.mdoc.ms.gov\/facilities<\/a>. Accessed 10 Oct. 2024.&nbsp;<\/li>\n\n\n\n<li>\u201cFCI Yazoo City Low II.\u201d&nbsp;<em>Federal Bureau of Prisons<\/em>, Federal Bureau of Prisons, <a href=\"http:\/\/www.bop.gov\/locations\/institutions\/yam\/\">www.bop.gov\/locations\/institutions\/yam\/<\/a>. Accessed 21 Oct. 2024.&nbsp;<\/li>\n\n\n\n<li>Johnston, Matthew S., Rosemary Ricciardelli, and Laura McKendy. &#8220;Improving the mental health of correctional workers: Perspectives from the field.&#8221;&nbsp;<em>Criminal Justice and Behavior<\/em>&nbsp;49.7 (2022): 951-970.<\/li>\n\n\n\n<li>\u201cJustice Department Finds Conditions at Three Mississippi Prisons Violate the Constitution.\u201d&nbsp;<em>Office of Public Affairs<\/em>, United States Department of Justice, 28 Feb. 2024, <a href=\"http:\/\/www.justice.gov\/opa\/pr\/justice-department-finds-conditions-three-mississippi-prisons-violate-constitution\">www.justice.gov\/opa\/pr\/justice-department-finds-conditions-three-mississippi-prisons-violate-constitution<\/a><\/li>\n\n\n\n<li>Malik, Mansoor, et al. \u2018Mental Health Burden and Burnout in Correctional Workers\u2019. Correctional Facilities and Correctional Treatment &#8211; International Perspectives, IntechOpen, 22 Mar. 2023. Crossref, doi:10.5772\/intechopen.108320. \u201cMental Health Treatment in Correctional Facilities.\u201d&nbsp;<em>Mental Health America<\/em>, <a href=\"http:\/\/www.mhanational.org\/issues\/mental-health-treatment-correctional-facilities\">www.mhanational.org\/issues\/mental-health-treatment-correctional-facilities<\/a>. Accessed 24 Sept. 2024.<\/li>\n<\/ul>\n<\/details>\n\n\n\n<div style=\"height:30px\" aria-hidden=\"true\" class=\"wp-block-spacer\"><\/div>\n\n\n\n<details class=\"wp-block-details is-layout-flow wp-block-details-is-layout-flow\"><summary>Amonie Silas, &#8220;Evaluating the Knowledge Deficit among College Students Regarding Federal Income Taxes&#8221;<\/summary>\n<ul class=\"wp-block-list\">\n<li>2024 Code of Alabama: Title 16 \u2013 Education: Chapter 40 &#8211; Instruction as to Certain Subjects. Article 1 &#8211; General Provisions. Section 16-40-12 &#8211; Instruction in Personal Financial Literacy and Money Management.\u201d Justia Law. 17 Apr. 2025.<\/li>\n\n\n\n<li>Ballard, C. L., &amp; Gupta, S. (2018). Perceptions and Realities of Average Tax Rates in the Federal Income Tax: Evidence from Michigan. National Tax Journal, 71(2), 263\u2013294.<\/li>\n\n\n\n<li>de Clercq, B., &amp; Aprea, C. (2023). Towards a Conceptual Framework for Tax Literacy: A Scoping Review. EJournal of Tax Research, 21(Issue 1), 122\u2013147.<\/li>\n\n\n\n<li>Durante, Alex. \u201c2024 Tax Brackets.\u201d Tax Foundation, 25 Oct. 2024, <a href=\"https:\/\/taxfoundation.org\/data\/all\/federal\/2024-tax-brackets\/\">taxfoundation.org\/data\/all\/federal\/2024-tax-brackets\/<\/a>.<\/li>\n\n\n\n<li>Furnham, A., &amp; Rawles, R. (2004). Young People\u2019s Ignorance about the Topic of Taxation. Citizenship, Social and Economics Education, 6(1), 12\u201323. <a href=\"https:\/\/doi.org\/10.2304\/csee.2004.6.1.12\">https:\/\/doi.org\/10.2304\/csee.2004.6.1.12<\/a><\/li>\n\n\n\n<li>Harrison, B. (2022). Study: Mississippi among minority of states most dependent on sales tax. Mississippi Today. <a href=\"https:\/\/mississippitoday.org\/2022\/06\/22\/study-mississippi-among-minority-of-states-most-dependent-on-sales-tax\/\">https:\/\/mississippitoday.org\/2022\/06\/22\/study-mississippi-among-minority-of-states-most-dependent-on-sales-tax\/<\/a>.<\/li>\n\n\n\n<li>Internal Revenue Service. IRS launches new effort aimed at high-income non-filers; 125,000 cases focused on high earners, including millionaires, who failed to file tax returns with financial activity topping $100 billion. (2024, February 29). <a href=\"https:\/\/www.irs.gov\/newsroom\/irs-launches-new-effort-aimed-at-high-income-non-filers-125000-cases-focused-on-high-earners-including-millionaires-who-failed-to-file-tax-returns-with-financial-activity-topping-100-billion\">https:\/\/www.irs.gov\/newsroom\/irs-launches-new-effort-aimed-at-high-income-non-filers-125000-cases-focused-on-high-earners-including-millionaires-who-failed-to-file-tax-returns-with-financial-activity-topping-100-billion<\/a><\/li>\n\n\n\n<li>Internal Revenue Service. The tax gap. (n.d.). <a href=\"https:\/\/www.irs.gov\/newsroom\/the-tax-gap\">https:\/\/www.irs.gov\/newsroom\/the-tax-gap<\/a><\/li>\n\n\n\n<li>Internal Revenue Service. An Official Website of the United States Government, <a href=\"https:\/\/www.irs.gov\/\">www.irs.gov\/<\/a>. 3 Dec. 2024.<\/li>\n\n\n\n<li>Kornhauser, M. E. (2009). The Tax Literacy Project. NewsQuarterly, 29(1), 9\u201310.<\/li>\n\n\n\n<li>Lyon, E., &amp; Catlin, J. R. (2020). Consumer Misconceptions about Tax Laws: Results from a Survey in the United States. Journal of Consumer Policy, 43(Issue 4), 807\u2013828.<\/li>\n\n\n\n<li>Machov\u00e1, R., \u0160eben, Z., &amp; K\u00fatna, A. (2019). Generation Z and Y versus Tax Literacy in the 21st Century. Journal of Applied Economic Sciences, 14(2), 433-439. <a href=\"https:\/\/doi.org\/10.14505\/jaes.v14.2(64).13\">https:\/\/doi.org\/10.14505\/jaes.v14.2(64).13<\/a><\/li>\n\n\n\n<li>Mississippi Code Title 37. Education \u00a7 37-3-2 | Findlaw. 17 Apr. 2025. <a href=\"https:\/\/codes.findlaw.com\/ms\/title-37-education\/ms-code-sect-37-3-2\/\">https:\/\/codes.findlaw.com\/ms\/title-37-education\/ms-code-sect-37-3-2\/<\/a><\/li>\n\n\n\n<li>Remali, A. M., Ramli, K., Nordin, N. K., Hamdan, N. A., &amp; Lutfi, N. I. A. (2020). Tax Compliance : Taxpayers\u2019 View (Perception). Global Business &amp; Management Research, 12(4), 189\u2013200.<\/li>\n\n\n\n<li>Tax Foundation. What is the average tax rate? (2024, February 12). <a href=\"https:\/\/taxfoundation.org\/taxedu\/glossary\/average-tax-rate\/\">https:\/\/taxfoundation.org\/taxedu\/glossary\/average-tax-rate\/<\/a>.<\/li>\n\n\n\n<li>Turner, N. P. (2010). Economic impact of tax-based federal student aid. eScholarship, University of California.<\/li>\n<\/ul>\n<\/details>\n\n\n\n<div style=\"height:30px\" aria-hidden=\"true\" class=\"wp-block-spacer\"><\/div>\n\n\n\n<details class=\"wp-block-details is-layout-flow wp-block-details-is-layout-flow\"><summary>Llayne Skinner, &#8220;Beyond Bars: The Potential of Programming in Mississippi Jails&#8221;<\/summary>\n<ul class=\"wp-block-list\">\n<li>\u201cAnnual Determination of Average Cost of Incarceration Fee (COIF).\u201d <em>Federal Register:: Request Access<\/em>, <a href=\"http:\/\/www.federalregister.gov\/documents\/2021\/09\/01\/2021-18800\/annual-determination-of-average-cost-of-incarceration-fee-coif\">www.federalregister.gov\/documents\/2021\/09\/01\/2021-18800\/annual-determination-of-average-cost-of-incarceration-fee-coif<\/a>. Accessed 3 Dec. 2024.<\/li>\n\n\n\n<li>Brian, Grace., \u201cRecidivism in Mississippi: Causes, Impacts, and Solutions\u201d <em>Olemiss.edu, <\/em>9 May 2024,<a href=\"https:\/\/egrove.olemiss.edu\/cgi\/viewcontent.cgi?article=4228&amp;context=hon_thesis\"> <\/a><a href=\"https:\/\/egrove.olemiss.edu\/cgi\/viewcontent.cgi?article=4228&amp;context=hon_thesis\">https:\/\/egrove.olemiss.edu\/cgi\/viewcontent.cgi?article=4228&amp;context=hon_thesis<\/a><\/li>\n\n\n\n<li>Bostic, Brittany. \u201cReducing Recidivism for Juvenile Criminal Offenders.\u201d <em>Michigan Youth ViolencePrevention Center<\/em>, 5 Nov. 2015, <a href=\"http:\/\/yvpc.sph.umich.edu\/exploring-rehabilitation-programs-juvenile-criminal-offenders\/#:~:text=Couns\">yvpc.sph.umich.edu\/exploring-rehabilitation-programs-juvenile-criminal-offenders\/#:~:text=Couns<\/a><\/li>\n\n\n\n<li>\u201cCriminal Justice Reform.\u201d <em>Equal Justice Initiative<\/em>, 16 Mar. 2020, <a href=\"http:\/\/eji.org\/criminal-justice-reform\/\">eji.org\/criminal-justice-reform\/<\/a>.<\/li>\n\n\n\n<li>Lahdon, Tenzing.. \u201cFrom the Desk of Bja &#8211; November 2023: Justice Matters.\u201d <em>Bureau of Justice Assistance<\/em>, 27 Nov. 2023, <a href=\"http:\/\/bja.ojp.gov\/news\/justice-matters\/desk-bja-november-2023\">bja.ojp.gov\/news\/justice-matters\/desk-bja-november-2023<\/a> %20Department%20of%20Justice,formerly%20incarcerated%20people%20were%20rearrested.&nbsp;<\/li>\n\n\n\n<li><em>Mississippi Sheriff to Be Investigated by State Auditor &#8211; The New York Times<\/em>, <a href=\"http:\/\/www.nytimes.com\/2025\/03\/28\/us\/state-auditor-to-investigate-mississippi-sheriff.html.%20Accessed%201%20May%202025\">www.nytimes.com\/2025\/03\/28\/us\/state-auditor-to-investigate-mississippi-sheriff.html<\/a> Accessed 1 May 2025.<\/li>\n\n\n\n<li>McCord, James W. H., et al. <em>Criminal Law and Procedure for the Paralegal: A Systems Approach<\/em>. Delmar Cengage Learning, 2012.<\/li>\n\n\n\n<li>Minta, Molly. \u201cPrison Education Programs Are Primed to Take off in Mississippi. Here\u2019s What One Class Looks Like.\u201d <em>Mississippi Today<\/em>, 9 June 2023,&nbsp; <a href=\"http:\/\/mississippitoday.org\/2023\/06\/09\/prison-education-programs-are-primed-to-take-off-in-mississippi\/\">mississippitoday.org\/2023\/06\/09\/prison-education-programs-are-primed-to-take-off-in-mississippi\/<\/a><\/li>\n\n\n\n<li>Reaves, Brian. \u201cViolent Felons in Large Urban Counties .\u201d <em>Home<\/em>, <a href=\"http:\/\/bjs.ojp.gov\/content\/pub\/ascii\/vfluc.txt#:~:text=*%20Seventy%20percent%20of%20violent%20felons,had%20a%20prior%20conviction%20record\">bjs.ojp.gov\/content\/pub\/ascii\/vfluc.txt#:~:text=*%20Seventy%20percent%20of%20violent%20felons,had%20a%20prior%20conviction%20record<\/a>. Accessed 2 Dec. 2024.<\/li>\n\n\n\n<li>\u201cRehabilitation Is a Humanitarian Mandate: Published by Lincoln Memorial University Law Review.\u201d <em>Lincoln Memorial University Law Review<\/em>, <a href=\"http:\/\/lmulawreview.scholasticahq.com\/post\/2202-rehabilitation-is-a-humanitarian-mandate\">lmulawreview.scholasticahq.com\/post\/2202-rehabilitation-is-a-humanitarian-mandate<\/a>. Accessed 20 Feb. 2025.<\/li>\n\n\n\n<li>Robertson, Angela., et al. \u201cRecidivism among Justice-Involved Youth: Findings from JJ-Trials.\u201d <em>Criminal Justice and Behavior, vol 47, no. 9, Sept 202-, pp. 1059-78.<\/em><a href=\"https:\/\/research.ebsco.com\/c\/kr4ahr\/viewer\/html\/fcnw5g2pvn\"><em> <\/em><\/a><a href=\"https:\/\/research.ebsco.com\/c\/kr4ahr\/viewer\/html\/fcnw5g2pvn\">https:\/\/research.ebsco.com\/c\/kr4ahr\/viewer\/html\/fcnw5g2pvn<\/a><\/li>\n\n\n\n<li>\u201cPrison Reform: Reducing Recidivism by Strengthening the Federal Bureau of Prisons.\u201d <em>Department of Justice Archive<\/em>, 29 Nov. 2023,<a href=\"http:\/\/www.justice.gov\/archives\/prison-reform\"> <\/a><a href=\"http:\/\/www.justice.gov\/archives\/prison-reform\">www.justice.gov\/archives\/prison-reform<\/a><\/li>\n\n\n\n<li>\u201cProgramming.\u201d <em>Programming | Mississippi Department of Corrections<\/em>, <a href=\"http:\/\/www.mdoc.ms.gov\/inmates\/incoming-inmates\/programming\">www.mdoc.ms.gov\/inmates\/incoming-inmates\/programming<\/a>. Accessed 4 Nov. 2024.&nbsp;<\/li>\n\n\n\n<li>Vance, Kobee. \u201cCorrections Leaders Say Jobs Can Reduce Mississippi\u2019s Recidivism Rates.\u201d <em>MPB<\/em>, MPB &#8211; Mississippi Public Broadcasting, 5 Dec. 2022,&nbsp; <a href=\"http:\/\/www.mpbonline.org\/blogs\/news\/corrections-leaders-say-jobs-can-reduce-mississippis-recidivism-rates\/\">www.mpbonline.org\/blogs\/news\/corrections-leaders-say-jobs-can-reduce-mississippis-recidivism-rates\/<\/a>.&nbsp;<em>2023 Final Report Corrections and Criminal &#8230;<\/em>, <a href=\"http:\/\/www.mdoc.ms.gov\/sites\/default\/files\/2023-01\/Jan%202022%20Final%20Report_Task%20Force.pdf\">www.mdoc.ms.gov\/sites\/default\/files\/2023-01\/Jan%202022%20Final%20Report_Task%20Force.pdf<\/a>. Accessed 19 Nov. 2024.<\/li>\n<\/ul>\n<\/details>\n\n\n\n<div style=\"height:30px\" aria-hidden=\"true\" class=\"wp-block-spacer\"><\/div>\n\n\n\n<details class=\"wp-block-details is-layout-flow wp-block-details-is-layout-flow\"><summary>Alisa Smith, &#8220;Investigating YAP 1 Involvement in Dimorphism in <em>Histoplasma capsulatum<\/em>&#8220;<\/summary>\n<ul class=\"wp-block-list\">\n<li>Adams, Melissa Anne, &#8220;The Role of the Cysteine\/Glutathione Regulatory Genes <em>CDO1<\/em>, <em>GSH1<\/em>, and <em>GSH2<\/em> in Yeast-Mold Dimorphism of the Pathogenic Fungus <em>Histoplasma capsulatum<\/em>&#8221; (2012). <em>Dissertations<\/em>. 714.<a href=\"https:\/\/aquila.usm.edu\/dissertations\/714\"> <\/a><a href=\"https:\/\/aquila.usm.edu\/dissertations\/714\">https:\/\/aquila.usm.edu\/dissertations\/714<\/a><\/li>\n\n\n\n<li>Azar, M. M., Hage, C. A., Loyd, J., &amp; Wheat, L. J. (2020). Current concepts in the epidemiology, diagnosis, and management of histoplasmosis syndromes. <em>Seminars in Respiratory and Critical Care Medicine, 41<\/em>(1), 13\u201330. <a href=\"https:\/\/doi.org\/10.1055\/s-0039-1698429\">https:\/\/doi.org\/10.1055\/s-0039-1698429<\/a><\/li>\n\n\n\n<li>Ban, E., &amp; Song, E. J. (2022). Considerations and suggestions for the reliable analysis of miRNA in plasma using qRT-PCR. <em>Genes, 13<\/em>(2), 328.<a href=\"https:\/\/doi.org\/10.3390\/genes13020328\"> <\/a><a href=\"https:\/\/doi.org\/10.3390\/genes13020328\">https:\/\/doi.org\/10.3390\/genes13020328<\/a><\/li>\n\n\n\n<li>Copley, S. D., &amp; Dhillon, J. K. (2002). Lateral gene transfer and parallel evolution in the history of glutathione biosynthesis genes. <em>Genome Biology, 3<\/em>(5), research0025.1.<a href=\"https:\/\/doi.org\/10.1186\/gb-2002-3-5-research0025\"> <\/a><a href=\"https:\/\/doi.org\/10.1186\/gb-2002-3-5-research0025\">https:\/\/doi.org\/10.1186\/gb-2002-3-5-research0025<\/a><\/li>\n\n\n\n<li>Hage, C. A., Azar, M. M., Bahr, N., Loyd, J., &amp; Wheat, L. J. (2015). Histoplasmosis: Up-to-date evidence-based approach to diagnosis and management. <em>Seminars in Respiratory and Critical Care Medicine, 36<\/em>(5), 729\u2013745. <a href=\"https:\/\/doi.org\/10.1055\/s-0035-1562899\">https:\/\/doi.org\/10.1055\/s-0035-1562899<\/a><\/li>\n\n\n\n<li>Jain, C., Yun, M., Politz, S. M., &amp; Mazur, P. (2009). A pathogenesis assay using <em>Saccharomyces cerevisiae<\/em> and <em>Caenorhabditis elegans<\/em> reveals novel roles for yeast AP-1, Yap1, and host dual oxidase BLI-3 in fungal pathogenesis. <em>Eukaryotic Cell, 8<\/em>(8), 1218\u20131227. <a href=\"https:\/\/doi.org\/10.1128\/EC.00367-08\">https:\/\/doi.org\/10.1128\/EC.00367-08<\/a><\/li>\n\n\n\n<li>Jozefczuk, J., &amp; Adjaye, J. (2011). Quantitative real-time PCR-based analysis of gene expression. <em>Methods in Enzymology, 500<\/em>, 99\u2013109. <a href=\"https:\/\/doi.org\/10.1016\/B978-0-12-385118-5.00006-2\">https:\/\/doi.org\/10.1016\/B978-0-12-385118-5.00006-2<\/a><\/li>\n\n\n\n<li>L\u00f3pez, C. E. (2006). [Dimorphism and pathogenesis of <em>Histoplasma capsulatum<\/em>]. <em>Revista Argentina de Microbiolog\u00eda, 38<\/em>(4), 235\u2013242. EBSCOhost. Retrieved from<a href=\"https:\/\/research.ebsco.com\/linkprocessor\/plink?id=c26ef488-83c0-3884-a66d-db9438852837\"> <\/a><a href=\"https:\/\/research.ebsco.com\/linkprocessor\/plink?id=c26ef488-83c0-3884-a66d-db9438852837\">https:\/\/research.ebsco.com\/linkprocessor\/plink?id=c26ef488-83c0-3884-a66d-db9438852837<\/a><\/li>\n\n\n\n<li>Maresca, B., &amp; Kobayashi, G. S. (1989). Dimorphism in <em>Histoplasma capsulatum<\/em>: A model for the study of cell differentiation in pathogenic fungi. <em>Microbiological Reviews, 53<\/em>(2), 186\u2013209. <a href=\"https:\/\/doi.org\/10.1128\/mr.53.2.186-209.1989\">https:\/\/doi.org\/10.1128\/mr.53.2.186-209.1989<\/a><\/li>\n\n\n\n<li>Penninckx, M. J. (2002). An overview on glutathione in <em>Saccharomyces<\/em> versus non-conventional yeasts. <em>FEMS Yeast Research, 2<\/em>(3), 295\u2013305. <a href=\"https:\/\/doi.org\/10.1016\/S1567-1356(02)00081-8\">https:\/\/doi.org\/10.1016\/S1567-1356(02)00081-8<\/a><\/li>\n\n\n\n<li>Wheeler, G. L., Grant, C. M., &amp; Brock, J. H. (2003). Coupling of the transcriptional regulation of glutathione biosynthesis to the availability of glutathione and methionine via the Met4 and Yap1 transcription factors. <em>The Journal of Biological Chemistry, 278<\/em>(50), 49920\u201349928. <a href=\"https:\/\/doi.org\/10.1074\/jbc.M310156200\">https:\/\/doi.org\/10.1074\/jbc.M310156200<\/a><\/li>\n<\/ul>\n<\/details>\n\n\n\n<div style=\"height:30px\" aria-hidden=\"true\" class=\"wp-block-spacer\"><\/div>\n\n\n\n<details class=\"wp-block-details is-layout-flow wp-block-details-is-layout-flow\"><summary>Mallory Williams, &#8220;Assessment of Nutritional Knowledge and Its Impact on the Treatment of Overweight and Obese Children&#8221;<\/summary>\n<ul class=\"wp-block-list\">\n<li>Advantia Health. (2022, July 6). Understanding healthcare providers: MD, DO, NP, PA, and CNM. advantiahealth.com. Retrieved November 1, 2024, from https:\/\/www.advantiahealth.com\/womens-health-blog\/understanding-healthcare- providers-md-do-np-pa-andcnm\/<\/li>\n\n\n\n<li>Aggarwal, M., Devries, S., Freeman, A., Ostfeld, R., Gaggin, H., Taub, P., Rzeszut, A., Allen, K., &amp; Conti, R. (2018). The deficit of nutrition education of physicians. The American Journal of Medicine, 339\u2013345<\/li>\n\n\n\n<li>Bowman, S. (2005). Pediatrician\u2019s Office: A solution in the Prevention of Childhood Obesity . Acta P\u00e6diatrica, 652\u2013654. https:\/\/doi.org\/10.1080\/0803525051003050<\/li>\n\n\n\n<li>Chao, A. M., Zhou, Y., Wei, X., Wisdom-Goulbourne, T., Dowd, M., &amp; Compher, C. (2021). Nutrition education in primary care adult and family nurse practitioner programs. NurseEducator, 47(1), 47\u201350. https:\/\/doi.org\/10.1097\/nne.0000000000001050<\/li>\n\n\n\n<li>Christison, A. L., Ariza, A. J., Fernandez, C., Kumar, S., Novick, M. B., Santos, M., Stratbucker, W. B., Sweeney, B. R., Vidmar, A., &amp; Kirk, S. (2023). Challenges and solutions to sustaining paediatric weight management programs in the United States. Clinical Obesity, 13(3). https:\/\/doi.org\/10.1111\/cob.12577<\/li>\n\n\n\n<li>Hampl, S. E., Hassink, S. G., Skinner, A. C., Armstrong, S. C., Barlow, S. E., Bolling, C. F., Avila Edwards, K. C., Eneli, I., Hamre, R., Joseph, M. M., Lunsford, D., Mendonca, E., Michalsky, M. P., Mirza, N., Ochoa, E. R., Sharifi, M., Staiano, A. E., Weedn, A. E., Flinn, S. K., Lindros, J., &amp; Okechukwu, K. (2023). Clinical practice guideline for the evaluation and treatment of children and adolescents with obesity. Pediatrics, 151(2), e2022060640. https:\/\/doi.org\/10.1542\/peds.2022-060640<\/li>\n\n\n\n<li>Hampl, S., Davis, A., Sampilo, M., Stephens, K., &amp; Dean, K. (2013). Insurer and employer views on pediatric obesity treatment: A qualitative study. Obesity, 21(4), 795\u2013799. https:\/\/doi.org\/10.1002\/oby.20112<\/li>\n\n\n\n<li>Kirk, S., Ogata, B., Wichert, E., Handu, D., &amp; Rozga, M. (2022). Treatment of Pediatric Overweight and Obesity: Position of the Academy of Nutrition and Dietetics based on an umbrella review of systematic reviews. Journal of the Academy of Nutrition and Dietetics, Volume 122(4), 848\u2013861<\/li>\n\n\n\n<li>Klein, J. D., Sesselberg, T. S., Johnson, M. S., O\u2019Connor, K. G., Cook, S., Coon, M., Homer, C., Krebs, N., &amp; Washington, R. (2010). Adoption of body mass index guidelines for screening and counseling in pediatric practice. PEDIATRICS, 125(2), 265\u2013272. https:\/\/doi.org\/10.1542\/peds.2008-2985<\/li>\n\n\n\n<li>Knopf, A. (2023). AAP urges immediate treatment for childhood overweight and obesity. The Brown University Child &amp; Adolescent Psychopharmacology Update, 25(3), 1\u20136. https:\/\/doi.org\/10.1002\/cpu.30756<\/li>\n\n\n\n<li>Sanyaolu, A., Okorie, C., Qi, X., Locke, J., &amp; Rehman, S. (2019). Childhood and adolescent obesity in the United States: a public health concern. Global Pediatric Health, 6<\/li>\n\n\n\n<li>Skjakodegard, H. F., Danielsen, Y. S., Morken, M., Linde, S. F., Kolko, R. P., Balantekin, K. N., Wilfley, D. E., &amp; Juliusson, P. B. (2016). Study Protocol: A randomized controlled trial evaluating the effect of family-based behavioral treatment of childhood and adolescent obesity\u2013The FABO-study. BMC Public Health, 16(1). https:\/\/doi.org\/10.1186\/s12889-016-3755-9<\/li>\n\n\n\n<li>Thomas, K., &amp; Urrego, F. (2017). Are pediatricians diagnosing obese children? PubMed, 17(1),80\u201382. https:\/\/pubmed.ncbi.nlm.nih.gov\/28331453<\/li>\n\n\n\n<li>Trust for America\u2019s Health. (2021, September 14). New data show sixteen states have adult obesity rates at 35 percent or higher up from 12 states in 2019 &#8211; TFAH. TFAH. https:\/\/www.tfah.org\/article\/new-data-show-sixteen-states-have-adult-obesity-rates-at-35-percent-or-higher-up-from-12-states-in-2019\/<\/li>\n\n\n\n<li>World Health Organization: WHO. (2024, March 1). Obesity and overweight. https:\/\/www.who.int\/news-room\/fact-sheets\/detail\/obesity-and-overweight Zoellner, J. M., You, W., Hill, J. L., Brock, D. P., Yuhas, M., Price, B., Wilson, J., Montague, D. R., &amp; Estabrooks, P. A. (2021). Comparing two different family\u2010based childhood obesity treatment programmes in a medically underserved region: Effectiveness, engagement and implementation outcomes from a randomized controlled trial. Pediatric Obesity, 17(1). https:\/\/doi.org\/10.1111\/ijpo.12840<\/li>\n<\/ul>\n<\/details>\n\n\n\n<div style=\"height:30px\" aria-hidden=\"true\" class=\"wp-block-spacer\"><\/div>\n\n\n\n<details class=\"wp-block-details is-layout-flow wp-block-details-is-layout-flow\"><summary>Laila Wrenn, &#8220;Investigating the Effects of Vitamin D<sub>3<\/sub> on Chemotherapeutic Agents&#8221;<\/summary>\n<ul class=\"wp-block-list\">\n<li>Abu Samaan, Tala M., et al. \u201cPaclitaxel\u2019s Mechanistic and Clinical Effects on Breast Cancer.\u201d <em>Biomolecules<\/em>, vol. 9, no. 12, Nov. 2019, p. 789. <em>PubMed<\/em>, <a href=\"https:\/\/doi.org\/10.3390\/biom9120789\">https:\/\/doi.org\/10.3390\/biom9120789<\/a>.<\/li>\n\n\n\n<li>Ahlmann, Martina, and Georg Hempel. \u201cThe Effect of Cyclophosphamide on the Immune System: Implications for Clinical Cancer Therapy.\u201d <em>Cancer Chemotherapy and Pharmacology<\/em>, vol. 78, no. 4, Oct. 2016, pp. 661\u201371. <em>PubMed<\/em>, <a href=\"https:\/\/doi.org\/10.1007\/s00280-016-3152-1\">https:\/\/doi.org\/10.1007\/s00280-016-3152-1<\/a>.<\/li>\n\n\n\n<li>Blum, J. L. \u201cXeloda in the Treatment of Metastatic Breast Cancer.\u201d <em>Oncology<\/em>, vol. 57 Suppl 1, July 1999, pp. 16\u201320. <em>PubMed<\/em>, <a href=\"https:\/\/doi.org\/10.1159\/000055264\">https:\/\/doi.org\/10.1159\/000055264<\/a>.<\/li>\n\n\n\n<li>Carlberg, Carsten, and Alberto Mu\u00f1oz. \u201cAn Update on Vitamin D Signaling and Cancer.\u201d <em>Seminars in Cancer Biology<\/em>, vol. 79, Feb. 2022, pp. 217\u201330. <em>PubMed<\/em>, <a href=\"https:\/\/doi.org\/10.1016\/j.semcancer.2020.05.018\">https:\/\/doi.org\/10.1016\/j.semcancer.2020.05.018<\/a>.<\/li>\n\n\n\n<li>Carvalho, Cristina, et al. \u201cDoxorubicin: The Good, the Bad and the Ugly Effect.\u201d <em>Current Medicinal Chemistry<\/em>, vol. 16, no. 25, 2009, pp. 3267\u201385. <em>PubMed<\/em>, <a href=\"https:\/\/doi.org\/10.2174\/092986709788803312\">https:\/\/doi.org\/10.2174\/092986709788803312<\/a>.<\/li>\n\n\n\n<li>Hung, Chao-Ming, et al. \u201cCyclophosphamide Promotes Breast Cancer Cell Migration through CXCR4 and Matrix Metalloproteinases.\u201d <em>Cell Biology International<\/em>, vol. 41, no. 3, Mar. 2017, pp. 345\u201352. <em>PubMed<\/em>, <a href=\"https:\/\/doi.org\/10.1002\/cbin.10726\">https:\/\/doi.org\/10.1002\/cbin.10726<\/a>.<\/li>\n\n\n\n<li>Huss, Linnea, et al. \u201cVitamin D Receptor Expression in Invasive Breast Tumors and Breast Cancer Survival.\u201d <em>Breast Cancer Research: BCR<\/em>, vol. 21, no. 1, July 2019, p. 84. <em>PubMed<\/em>, <a href=\"https:\/\/doi.org\/10.1186\/s13058-019-1169-1\">https:\/\/doi.org\/10.1186\/s13058-019-1169-1<\/a>.<\/li>\n\n\n\n<li>Lee, Boah et al. \u201cA novel mechanism of irinotecan targeting MDM2 and Bcl-xL.\u201d&nbsp;<em>Biochemical and biophysical research communications<\/em>&nbsp;vol. 514,2 (2019): 518-523. <a href=\"https:\/\/doi.org\/10.1016\/j.bbrc.2019.04.009\">https:\/\/doi.org\/10.1016\/j.bbrc.2019.04.009<\/a>.<\/li>\n\n\n\n<li>Natori, Akina, et al. \u201cCapecitabine in Early Breast Cancer: A Meta-Analysis of Randomised Controlled Trials.\u201d <em>European Journal of Cancer<\/em>, vol. 77, May 2017, pp. 40\u201347. <em>ScienceDirect<\/em>, <a href=\"https:\/\/doi.org\/10.1016\/j.ejca.2017.02.024\">https:\/\/doi.org\/10.1016\/j.ejca.2017.02.024<\/a>.<\/li>\n\n\n\n<li><em>Serum Vitamin D Levels in Patients with Myelodysplastic Syndromes: A Retrospective Single-Center Analysis &#8211; PubMed<\/em>. <a href=\"https:\/\/pubmed.ncbi.nlm.nih.gov\/30965326\/\">https:\/\/pubmed.ncbi.nlm.nih.gov\/30965326\/<\/a>. Accessed 26 Sept. 2024.<\/li>\n\n\n\n<li><em>Vitamin D and Breast Cancer: Past and Present &#8211; PubMed<\/em>. <a href=\"https:\/\/pubmed.ncbi.nlm.nih.gov\/28746837\/\">https:\/\/pubmed.ncbi.nlm.nih.gov\/28746837\/<\/a>. Accessed 26 Sept. 2024.<\/li>\n\n\n\n<li><em>Vitamin D and Reduction of Breast Cancer Risk | 10.1007\/S12609-015-0180-5_Sci-Hub<\/em>. <a href=\"https:\/\/www.pismin.com\/10.1007\/s12609-015-0180-5\">https:\/\/www.pismin.com\/10.1007\/s12609-015-0180-5<\/a>. Accessed 17 Nov. 2024.<\/li>\n<\/ul>\n<\/details>\n","protected":false},"excerpt":{"rendered":"<p>2026 Graduates Click on a name below to view the student&#8217;s list of sources. 2025 Graduates Click on a name below to view the student&#8217;s list of sources.<\/p>\n","protected":false},"author":27,"featured_media":0,"parent":40,"menu_order":0,"comment_status":"closed","ping_status":"closed","template":"","meta":{"footnotes":""},"class_list":["post-113","page","type-page","status-publish","hentry"],"_links":{"self":[{"href":"https:\/\/www.muw.edu\/honors\/wp-json\/wp\/v2\/pages\/113","targetHints":{"allow":["GET"]}}],"collection":[{"href":"https:\/\/www.muw.edu\/honors\/wp-json\/wp\/v2\/pages"}],"about":[{"href":"https:\/\/www.muw.edu\/honors\/wp-json\/wp\/v2\/types\/page"}],"author":[{"embeddable":true,"href":"https:\/\/www.muw.edu\/honors\/wp-json\/wp\/v2\/users\/27"}],"replies":[{"embeddable":true,"href":"https:\/\/www.muw.edu\/honors\/wp-json\/wp\/v2\/comments?post=113"}],"version-history":[{"count":28,"href":"https:\/\/www.muw.edu\/honors\/wp-json\/wp\/v2\/pages\/113\/revisions"}],"predecessor-version":[{"id":190,"href":"https:\/\/www.muw.edu\/honors\/wp-json\/wp\/v2\/pages\/113\/revisions\/190"}],"up":[{"embeddable":true,"href":"https:\/\/www.muw.edu\/honors\/wp-json\/wp\/v2\/pages\/40"}],"wp:attachment":[{"href":"https:\/\/www.muw.edu\/honors\/wp-json\/wp\/v2\/media?parent=113"}],"curies":[{"name":"wp","href":"https:\/\/api.w.org\/{rel}","templated":true}]}}